{"id":189,"date":"2022-07-16T13:55:54","date_gmt":"2022-07-16T13:55:54","guid":{"rendered":"https:\/\/reckdh.ch\/?page_id=189"},"modified":"2026-08-03T12:06:00","modified_gmt":"2026-08-03T12:06:00","slug":"aktuell","status":"publish","type":"page","link":"https:\/\/seniorenverein-schwarzenberg.ch\/index.php\/aktuell\/","title":{"rendered":"Aktuell"},"content":{"rendered":"<table class=\" alignleft\" style=\"width: 111.552%; font-size: 1rem; height: 20149px;\">\n<tbody>\n<tr>\n<td style=\"width: 65.996909%; vertical-align: top;\">\n<p style=\"font-weight: 400;\"><strong>Bergwanderung auf den F\u00fcrstei<br \/>\n<\/strong><em>Dienstag, 25. August 2026<\/em><br \/>\nTreffpunkt: 08.00 Uhr, PP R\u00f6ssli<br \/>\nVerkehrsmittel: Privatautos bis Glaubenberg<br \/>\nWanderroute: Glaubenberg \u2013 Rickhubel \u2013 F\u00fcrstei \u2013 Abstieg zur &nbsp;Sewenalp \u2013 zur\u00fcck zum Glaubenberg.<br \/>\n<span style=\"font-family: inherit; font-size: inherit;\">Wanderzeit: ca. 4.5 Std., H\u00f6hendifferenz ca. 600 m<br \/>\n<\/span>K\u00fcrzere Route, nur auf den Rickhubel m\u00f6glich (Aufstieg H\u00f6hendifferenz ca. 400 m, Wanderzeit ca. 3,5 Std.)<br \/>\nF\u00fcr Spazierg\u00e4nger: Rundtour Langis \u2013 Schwendi-Kaltbad, mit Mittagshalt am Bach, Wanderzeit eine gute Stunde, geringe H\u00f6hendifferenz<br \/>\nMittagsverpflegung: Aus dem Rucksack<br \/>\n<span style=\"font-family: inherit; font-size: inherit;\">Ausr\u00fcstung: Wanderausr\u00fcstung (Bergschuhe), Wanderst\u00f6cke, Sonnen- Wind- und Regenschutz<br \/>\n<\/span>Wanderleitung: Leo R\u00f6\u00f6sli, Margrit Bienz (079 233 29 54)<br \/>\n<a href=\"https:\/\/seniorenverein-schwarzenberg.ch\/wp-content\/uploads\/2026\/08\/Programm-Fuerstei.pdf\" target=\"_blank\" rel=\"noopener\">Weitere Infos<\/a><\/p>\n<\/td>\n<td style=\"width: 33.848532%; vertical-align: top; text-align: center;\"><img loading=\"lazy\" decoding=\"async\" class=\"alignnone size-large wp-image-1513\" src=\"https:\/\/seniorenverein-schwarzenberg.ch\/wp-content\/uploads\/2026\/08\/fuerstei-1.jpg\" alt=\"\" width=\"525\" height=\"183\" srcset=\"https:\/\/seniorenverein-schwarzenberg.ch\/wp-content\/uploads\/2026\/08\/fuerstei-1.jpg 964w, https:\/\/seniorenverein-schwarzenberg.ch\/wp-content\/uploads\/2026\/08\/fuerstei-1-300x105.jpg 300w, https:\/\/seniorenverein-schwarzenberg.ch\/wp-content\/uploads\/2026\/08\/fuerstei-1-768x268.jpg 768w\" sizes=\"auto, (max-width: 525px) 100vw, 525px\" \/><br \/>\n<img loading=\"lazy\" decoding=\"async\" class=\"alignnone size-large wp-image-1511\" src=\"https:\/\/seniorenverein-schwarzenberg.ch\/wp-content\/uploads\/2026\/08\/fuerstei-3.jpg\" alt=\"\" width=\"525\" height=\"394\" srcset=\"https:\/\/seniorenverein-schwarzenberg.ch\/wp-content\/uploads\/2026\/08\/fuerstei-3.jpg 715w, https:\/\/seniorenverein-schwarzenberg.ch\/wp-content\/uploads\/2026\/08\/fuerstei-3-300x225.jpg 300w\" sizes=\"auto, (max-width: 525px) 100vw, 525px\" \/> <img loading=\"lazy\" decoding=\"async\" class=\"alignnone size-large wp-image-1512\" src=\"https:\/\/seniorenverein-schwarzenberg.ch\/wp-content\/uploads\/2026\/08\/fuerstei-2.jpg\" alt=\"\" width=\"525\" height=\"394\" srcset=\"https:\/\/seniorenverein-schwarzenberg.ch\/wp-content\/uploads\/2026\/08\/fuerstei-2.jpg 715w, https:\/\/seniorenverein-schwarzenberg.ch\/wp-content\/uploads\/2026\/08\/fuerstei-2-300x225.jpg 300w\" sizes=\"auto, (max-width: 525px) 100vw, 525px\" \/>&nbsp;<\/td>\n<\/tr>\n<tr>\n<td style=\"width: 65.996909%; vertical-align: top;\">\n<div>\n<p class=\"p1\"><b><strong><span style=\"color: #000000;\">Jass- und Spielnachmittag<br \/>\n<\/span><\/strong><\/b><span style=\"color: #000000;\"><em>Donnerstag, 13. August 2026<\/em><\/span><span style=\"color: #000000;\"><br \/>\nTreffpunkt: 13.00 Uhr im Restaurant Kreuz<br \/>\nEs kann auch&nbsp; gespielt werden (z. B. Br\u00e4ndi Dog, Uno, SkipBo, usw.)<\/span><\/p>\n<\/div>\n<\/td>\n<td style=\"width: 33.848532%; vertical-align: top; text-align: center;\"><img loading=\"lazy\" decoding=\"async\" class=\"alignnone wp-image-544 size-full\" src=\"https:\/\/seniorenverein-schwarzenberg.ch\/wp-content\/uploads\/2023\/02\/jassen-spielen-senioren.jpg\" alt=\"\" width=\"300\" height=\"200\"><\/td>\n<\/tr>\n<tr>\n<td style=\"width: 65.996909%; vertical-align: top;\">\n<div>\n<p class=\"p1\"><b><span style=\"color: #000000;\"><span style=\"caret-color: #000000;\"><strong>Spaziergang<br \/>\n<\/strong><\/span><\/span><\/b><span style=\"color: #000000;\"><span style=\"caret-color: #000000;\"><em>Dienstag, 4. August 2026<\/em><\/span><\/span><span style=\"color: #000000;\"><span style=\"caret-color: #000000;\"><br \/>\nTreffpunkt: 13.30 Uhr PP R\u00f6ssli<br \/>\nAuch Nichtmitglieder sind herzlich willkommen!<\/span><\/span><\/p>\n<\/div>\n<\/td>\n<td style=\"width: 33.848532%; vertical-align: top; text-align: center;\"><img loading=\"lazy\" decoding=\"async\" class=\"alignnone size-full wp-image-637\" src=\"https:\/\/seniorenverein-schwarzenberg.ch\/wp-content\/uploads\/2023\/06\/bank.jpeg\" alt=\"\" width=\"300\" height=\"221\"><\/td>\n<\/tr>\n<tr>\n<td style=\"width: 65.996909%; vertical-align: top;\">\n<div>\n<p class=\"p1\"><b>Tageswanderung Fr\u00e4km\u00fcntegg<br \/>\n<\/b><em>Dienstag, 28. Juli 2026<\/em><b><br \/>\n<\/b>Besammlung: &nbsp; 08.00 Uhr, PP R\u00f6ssli<br \/>\n<span style=\"font-family: inherit; font-size: inherit;\">Verkehrsmittel:<\/span><span style=\"font-family: inherit; font-size: inherit;\">&nbsp; &nbsp;Privatautos bis Holderch\u00e4ppeli<br \/>\n<\/span><span style=\"font-family: inherit; font-size: inherit;\">Wanderroute:<\/span><span style=\"font-family: inherit; font-size: inherit;\">&nbsp; &nbsp;<\/span><span class=\"s3\" style=\"font-family: inherit; font-size: inherit;\">Teil 1: Holderch\u00e4p<\/span><span class=\"s4\" style=\"font-family: inherit; font-size: inherit;\">peli\u2013Schilt\u2013Dorschnei\u2013Krienseregg<br \/>\n<\/span><span class=\"s5\" style=\"font-family: inherit; font-size: inherit;\">Gondelbahn: &nbsp; &nbsp;Krienseregg\u2013Fr\u00e4km\u00fcnt<\/span><span class=\"s3\" style=\"font-family: inherit; font-size: inherit;\">egg<br \/>\n<\/span><span class=\"s3\" style=\"font-family: inherit; font-size: inherit;\">Teil 2: &nbsp;Fr\u00e4km\u00fcntegg\u2013Alp Bo<\/span><span class=\"s5\" style=\"font-family: inherit; font-size: inherit;\">nern\u2013Rehl\u00f6cher\u2013H\u00f6chberg\u2013Holder<\/span><span class=\"s6\" style=\"font-family: inherit; font-size: inherit;\">ch\u00e4ppeli<br \/>\n<\/span><span class=\"s1\" style=\"font-family: inherit; font-size: inherit;\">Preis Gondelbahn: &nbsp; ohne GA\/Halbtax<\/span> <span class=\"s1\" style=\"font-family: inherit; font-size: inherit;\">Fr. 7.70, mit GA\/Halbtax Fr. 3.90 <\/span><span style=\"font-family: inherit; font-size: inherit;\">(Gruppentarif, ab 10 Personen)<br \/>\n<\/span>Wanderzeit: &nbsp; <span style=\"font-family: inherit; font-size: inherit;\">ca. 5 Std. (Teil 1 &amp; 2), H\u00f6hendifferenz <\/span><span class=\"s1\" style=\"font-family: inherit; font-size: inherit;\">aufw\u00e4rts 370 m \/ abw\u00e4rts 750 m<br \/>\n<\/span>Verpflegung:<span style=\"font-family: inherit; font-size: inherit;\">&nbsp; &nbsp;aus dem Rucksack, <\/span><span class=\"s1\" style=\"font-family: inherit; font-size: inherit;\">Mittagspause bei der Alp Bonern<br \/>\n<\/span>Wanderleiter:<span style=\"font-family: inherit; font-size: inherit;\">&nbsp; &nbsp;Pius Fuchs, Telefon 041 <\/span><span class=\"s1\" style=\"font-family: inherit; font-size: inherit;\">340 22 46<br \/>\n<\/span>Ausr\u00fcstung:<span style=\"font-family: inherit; font-size: inherit;\">&nbsp; &nbsp; <\/span><span class=\"s1\" style=\"font-family: inherit; font-size: inherit;\">gutes Schuhwerk\/Regenschutz\/ Wanderst\u00f6cke nach<\/span> <span class=\"s1\" style=\"font-family: inherit; font-size: inherit;\">Bedarf<br \/>\n<a href=\"https:\/\/seniorenverein-schwarzenberg.ch\/wp-content\/uploads\/2026\/07\/Programm-Fraekmuentegg.pdf\" target=\"_blank\" rel=\"noopener\">Weitere Infos<\/a><\/span><\/p>\n<\/div>\n<\/td>\n<td style=\"width: 33.848532%; vertical-align: top; text-align: center;\"><img loading=\"lazy\" decoding=\"async\" class=\"alignnone size-full wp-image-1500\" src=\"https:\/\/seniorenverein-schwarzenberg.ch\/wp-content\/uploads\/2026\/07\/fraekmuent-1.jpeg\" alt=\"\" width=\"300\" height=\"200\"> <img loading=\"lazy\" decoding=\"async\" class=\"alignnone size-large wp-image-1501\" src=\"https:\/\/seniorenverein-schwarzenberg.ch\/wp-content\/uploads\/2026\/07\/fraekmuent-2.jpeg\" alt=\"\" width=\"300\" height=\"201\"> <img loading=\"lazy\" decoding=\"async\" class=\"alignnone size-large wp-image-1502\" src=\"https:\/\/seniorenverein-schwarzenberg.ch\/wp-content\/uploads\/2026\/07\/fraekmuent-3.jpeg\" alt=\"\" width=\"300\" height=\"200\"><\/td>\n<\/tr>\n<tr>\n<td style=\"width: 65.996909%; vertical-align: top;\">\n<p class=\"p1\"><span style=\"color: #000000;\"><span style=\"caret-color: #000000;\"><b><strong>Jass- und Spielnachmittag<br \/>\n<\/strong><\/b><em>Donnerstag, 16. Juli 2026<\/em><br \/>\nTreffpunkt: 13.00 Uhr<strong> im Restaurant R\u00f6ssli<\/strong><br \/>\nEs kann auch&nbsp; gespielt werden (z. B. Br\u00e4ndi Dog, Uno, SkipBo, usw.)<\/span><\/span><\/p>\n<\/td>\n<td style=\"width: 33.848532%; vertical-align: top; text-align: center;\"><img loading=\"lazy\" decoding=\"async\" class=\"alignnone wp-image-544 size-full\" src=\"https:\/\/seniorenverein-schwarzenberg.ch\/wp-content\/uploads\/2023\/02\/jassen-spielen-senioren.jpg\" alt=\"\" width=\"300\" height=\"200\"><\/td>\n<\/tr>\n<tr>\n<td style=\"width: 65.996909%; vertical-align: top;\">\n<p class=\"p1\"><span style=\"color: #000000;\"><span style=\"caret-color: #000000;\"><b><strong>Spaziergang<br \/>\n<\/strong><\/b><em>Dienstag, 7. Juli 2026<\/em><br \/>\nTreffpunkt: 13.30 Uhr PP R\u00f6ssli<br \/>\nAuch Nichtmitglieder sind herzlich willkommen!<\/span><\/span><\/p>\n<\/td>\n<td style=\"width: 33.848532%; vertical-align: top; text-align: center;\"><img loading=\"lazy\" decoding=\"async\" class=\"alignnone size-full wp-image-637\" src=\"https:\/\/seniorenverein-schwarzenberg.ch\/wp-content\/uploads\/2023\/06\/bank.jpeg\" alt=\"\" width=\"300\" height=\"221\"><\/td>\n<\/tr>\n<tr>\n<td style=\"width: 65.996909%; vertical-align: top;\">\n<p class=\"p1\"><span style=\"color: #000000;\"><span style=\"caret-color: #000000;\"><b>Tageswanderung auf den Gibel (Hasliberg)<br \/>\n<\/b><em>Dienstag, 23. Juni 2026<br \/>\n<\/em><\/span><\/span>Besammlung: &nbsp;&nbsp; 08.00 Uhr, PP R\u00f6ssli<br \/>\nVerkehrsmittel: Privatautos bis Hasliberg Wasserwendi, Luftseilbahn Hasliberg \u2013 K\u00e4serstatt.<br \/>\n<span style=\"font-family: inherit; font-size: inherit;\">Wanderroute:<\/span><span style=\"font-family: inherit; font-size: inherit;\"> &nbsp;&nbsp;&nbsp; Bergstation K\u00e4serstatt \u2013 Aufstieg zum Gibel \u2013 R\u00fcckweg \u00fcber vordere Stafel \u2013 zur\u00fcck zur Bergstation.<br \/>\n<\/span>Wanderzeit: &nbsp;&nbsp;&nbsp;&nbsp;&nbsp;&nbsp; ca. 3 Std., H\u00f6hendifferenz ca. 400 m<br \/>\nVerpflegung: &nbsp;&nbsp;&nbsp;&nbsp; aus dem Rucksack<br \/>\nWanderleiter: &nbsp;&nbsp;&nbsp; Margrit Bienz, Telefon 041 497 10 23 Pius Fuchs,<br \/>\nAusr\u00fcstung: &nbsp;&nbsp;&nbsp;&nbsp;&nbsp; Gutes Schuhwerk \/ Sonnen-, Regen- und Windschutz (auf dem Gibel kann es k\u00fchl und windig sein)<br \/>\nBemerkung: &nbsp;&nbsp;&nbsp;&nbsp;&nbsp; Es besteht auch die M\u00f6glichkeit, die Wanderung zu verk\u00fcrzen oder zu verl\u00e4ngern.<br \/>\n<a href=\"https:\/\/seniorenverein-schwarzenberg.ch\/wp-content\/uploads\/2026\/06\/Programm-Hasliberg.pdf\" target=\"_blank\" rel=\"noopener\">Weitere Infos<\/a><br \/>\n<a href=\"https:\/\/seniorenverein-schwarzenberg.ch\/index.php\/fotoalbum\/\">Zu den Bildern<\/a><\/p>\n<\/td>\n<td style=\"width: 33.848532%; vertical-align: top; text-align: center;\"><img loading=\"lazy\" decoding=\"async\" class=\"alignnone size-large wp-image-1472\" src=\"https:\/\/seniorenverein-schwarzenberg.ch\/wp-content\/uploads\/2026\/06\/Gibel-1.jpg\" alt=\"\" width=\"525\" height=\"556\" srcset=\"https:\/\/seniorenverein-schwarzenberg.ch\/wp-content\/uploads\/2026\/06\/Gibel-1.jpg 525w, https:\/\/seniorenverein-schwarzenberg.ch\/wp-content\/uploads\/2026\/06\/Gibel-1-283x300.jpg 283w\" sizes=\"auto, (max-width: 525px) 100vw, 525px\" \/><img loading=\"lazy\" decoding=\"async\" class=\"alignnone size-full wp-image-1470\" src=\"https:\/\/seniorenverein-schwarzenberg.ch\/wp-content\/uploads\/2026\/06\/Gibel-3.jpg\" alt=\"\" width=\"730\" height=\"412\" srcset=\"https:\/\/seniorenverein-schwarzenberg.ch\/wp-content\/uploads\/2026\/06\/Gibel-3.jpg 730w, https:\/\/seniorenverein-schwarzenberg.ch\/wp-content\/uploads\/2026\/06\/Gibel-3-300x169.jpg 300w\" sizes=\"auto, (max-width: 730px) 100vw, 730px\" \/> <img loading=\"lazy\" decoding=\"async\" class=\"alignnone size-large wp-image-1471\" src=\"https:\/\/seniorenverein-schwarzenberg.ch\/wp-content\/uploads\/2026\/06\/Gibel-2.jpg\" alt=\"\" width=\"525\" height=\"296\" srcset=\"https:\/\/seniorenverein-schwarzenberg.ch\/wp-content\/uploads\/2026\/06\/Gibel-2.jpg 730w, https:\/\/seniorenverein-schwarzenberg.ch\/wp-content\/uploads\/2026\/06\/Gibel-2-300x169.jpg 300w\" sizes=\"auto, (max-width: 525px) 100vw, 525px\" \/><\/td>\n<\/tr>\n<tr>\n<td style=\"width: 65.996909%; vertical-align: top;\">\n<p class=\"p1\"><strong><b><span style=\"color: #000000;\">Jass- und Spielnachmittag<br \/>\n<\/span><\/b><\/strong><span style=\"color: #000000;\"><em>Donnerstag, 18. Juni 2026<\/em><\/span><span style=\"color: #000000;\"><br \/>\nTreffpunkt: 13.00 Uhr im Restaurant Kreuz<br \/>\nEs kann auch&nbsp; gespielt werden (z. B. Br\u00e4ndi Dog, Uno, SkipBo, usw.)<\/span><\/p>\n<\/td>\n<td style=\"width: 33.848532%; vertical-align: top; text-align: center;\"><img loading=\"lazy\" decoding=\"async\" class=\"alignnone wp-image-544 size-full\" src=\"https:\/\/seniorenverein-schwarzenberg.ch\/wp-content\/uploads\/2023\/02\/jassen-spielen-senioren.jpg\" alt=\"\" width=\"300\" height=\"200\"><\/td>\n<\/tr>\n<tr>\n<td style=\"width: 65.996909%; vertical-align: top;\">\n<p class=\"p1\"><strong><b><span style=\"color: #000000;\">Spaziergang<br \/>\n<\/span><\/b><\/strong><span style=\"color: #000000;\"><em>Dienstag, 2. Juni 2026<\/em><\/span><span style=\"color: #000000;\"><br \/>\nTreffpunkt: 13.30 Uhr PP R\u00f6ssli<br \/>\nAuch Nichtmitglieder sind herzlich willkommen!<\/span><\/p>\n<\/td>\n<td style=\"width: 33.848532%; vertical-align: top; text-align: center;\"><img loading=\"lazy\" decoding=\"async\" class=\"alignnone size-full wp-image-637\" src=\"https:\/\/seniorenverein-schwarzenberg.ch\/wp-content\/uploads\/2023\/06\/bank.jpeg\" alt=\"\" width=\"300\" height=\"221\"><\/td>\n<\/tr>\n<tr style=\"height: 442px;\">\n<td style=\"width: 65.996909%; vertical-align: top; height: 442px;\">\n<p class=\"p1\"><strong>Halbtageswanderung<b><span style=\"color: #000000;\"><br \/>\n<\/span><\/b><\/strong><span style=\"color: #000000;\"><em>Dienstag, 26. Mai 2026<\/em><\/span><strong><br \/>\n<\/strong>Treffpunkt: 13.00 Uhr, PP R\u00f6ssli<br \/>\nVerkehrsmittel: Auto bis PP Feldimoosboden<br \/>\nWanderroute: Feldimoosboden\u2013B\u00e4renm\u00f6sli\u2013St\u00e4feli-St\u00f6bli\u2013Schw\u00e4ndi\u2013Feldimoosboden<br \/>\nWanderzeit: ca. 2\u00bc Stunden, <span style=\"font-family: inherit; font-size: inherit;\">H\u00f6hendifferenz 248 m<br \/>\n<\/span><span style=\"font-family: inherit; font-size: inherit;\">Rucksackverpflegung, Kaffee und <\/span>Kuchen Zobighalt St\u00e4feli-St\u00f6bli<br \/>\nWanderleiter: PiusFuchs, Tel.041 340 22 46<br \/>\nAusr\u00fcstung: Gute Wanderausr\u00fcstung<br \/>\n<span class=\"s1\">Alternative Route: ab PP Feldimoosboden <\/span>direkt zum St\u00e4feli.<br \/>\n<span class=\"s1\">Beatrix Kaufmann \u00f6ffnet das St\u00e4feli-<\/span><span class=\"s1\">St\u00f6bli speziell f\u00fcr die Wanderer des <\/span><span class=\"s1\">Seniorenvereins. Offizielle Er\u00f6ffnung <\/span><span class=\"s1\">f\u00fcr die Saison 2026 erfolgt am Don<\/span>nerstag, 28.Mai.<\/p>\n<\/td>\n<td style=\"width: 33.848532%; vertical-align: top; text-align: center; height: 442px;\"><img loading=\"lazy\" decoding=\"async\" class=\"alignnone size-full wp-image-1454\" src=\"https:\/\/seniorenverein-schwarzenberg.ch\/wp-content\/uploads\/2026\/05\/staefeli-1.jpg\" alt=\"\" width=\"358\" height=\"228\" srcset=\"https:\/\/seniorenverein-schwarzenberg.ch\/wp-content\/uploads\/2026\/05\/staefeli-1.jpg 358w, https:\/\/seniorenverein-schwarzenberg.ch\/wp-content\/uploads\/2026\/05\/staefeli-1-300x191.jpg 300w\" sizes=\"auto, (max-width: 358px) 100vw, 358px\" \/><\/td>\n<\/tr>\n<tr style=\"height: 149px;\">\n<td style=\"width: 65.996909%; vertical-align: top; height: 149px;\"><b><strong><span style=\"color: #000000;\">Jass- und Spielnachmittag<br \/>\n<\/span><\/strong><\/b><span style=\"color: #000000;\"><em>Donnerstag, 21. Mai 2026<\/em><\/span><span style=\"color: #000000;\"><br \/>\nTreffpunkt: 13.00 Uhr im Restaurant Kreuz<br \/>\nEs kann auch&nbsp; gespielt werden (z. B. Br\u00e4ndi Dog, Uno, SkipBo, usw.)<\/span><\/td>\n<td style=\"width: 33.848532%; vertical-align: top; text-align: center; height: 149px;\"><img loading=\"lazy\" decoding=\"async\" class=\"alignnone wp-image-544 size-full\" src=\"https:\/\/seniorenverein-schwarzenberg.ch\/wp-content\/uploads\/2023\/02\/jassen-spielen-senioren.jpg\" alt=\"\" width=\"300\" height=\"200\"><\/td>\n<\/tr>\n<tr style=\"height: 167px;\">\n<td style=\"width: 65.996909%; vertical-align: top; height: 167px;\">\n<div><b>&nbsp;Vereinsausflug<br \/>\n<\/b><span style=\"color: #000000;\"><em>Donnerstag, 7. Mai 2026<\/em><\/span><b><span style=\"color: #000000;\"><em><br \/>\n<\/em><\/span><\/b><span style=\"color: #000000;\">Der diesj\u00e4hrige Vereinsausflug f\u00fchrt in die Gegend von Brienz. Eine Einladung wurde an alle Vereinsmitglieder verschickt.<br \/>\n<\/span><a href=\"https:\/\/seniorenverein-schwarzenberg.ch\/index.php\/fotoalbum\/\">Zu den Bildern<\/a><\/div>\n<\/td>\n<td style=\"width: 33.848532%; vertical-align: top; text-align: center; height: 167px;\"><img loading=\"lazy\" decoding=\"async\" class=\"alignnone size-medium wp-image-1401\" src=\"https:\/\/seniorenverein-schwarzenberg.ch\/wp-content\/uploads\/2026\/05\/IMG_4382-300x225.jpeg\" alt=\"\" width=\"300\" height=\"225\"><\/td>\n<\/tr>\n<tr style=\"height: 164px;\">\n<td style=\"width: 65.996909%; vertical-align: top; height: 164px;\"><b><strong><span style=\"color: #000000;\">Spaziergang<br \/>\n<\/span><\/strong><\/b><span style=\"color: #000000;\"><em>Dienstag, 5. Mai 2026<\/em><\/span><span style=\"color: #000000;\"><br \/>\nTreffpunkt: 13.30 Uhr PP R\u00f6ssli<br \/>\nAuch Nichtmitglieder sind herzlich willkommen!<\/span><\/td>\n<td style=\"width: 33.848532%; vertical-align: top; text-align: center; height: 164px;\"><img loading=\"lazy\" decoding=\"async\" class=\"alignnone size-full wp-image-637\" src=\"https:\/\/seniorenverein-schwarzenberg.ch\/wp-content\/uploads\/2023\/06\/bank.jpeg\" alt=\"\" width=\"300\" height=\"221\"><\/td>\n<\/tr>\n<tr style=\"height: 389px;\">\n<td style=\"width: 65.996909%; vertical-align: top; height: 362px;\">\n<div><b>Fr\u00fchlingswanderung \u00fcber dem Sempachersee<br \/>\n<\/b><\/div>\n<div><i>28. April 2026<br \/>\n<\/i><\/div>\n<p><span style=\"color: #000000;\">Besammlung:&nbsp; 13.00 Uhr, PP R\u00f6ssli<br \/>\n<\/span><span style=\"color: #000000;\">Verkehrsmittel:&nbsp; Auto bis PP Sempach-Kirchb\u00fchl<br \/>\n<\/span><span style=\"color: #000000;\">Wanderroute:&nbsp; Rundwanderung \u00fcber dem Sempachersee: Richtung Eich &#8211; Hundgellen &#8211; Stockhof &#8211; N\u00fcbrich &#8211; zur\u00fcck zum Parkplatz<br \/>\n<\/span><span style=\"color: #000000;\">Wanderzeit:&nbsp; ca. 2 .20 &nbsp;Stunden<br \/>\n<\/span><span style=\"color: #000000;\">H\u00f6hendifferenz: ca. 150 m<br \/>\n<\/span><span style=\"color: #000000;\">Wanderleiter:&nbsp; Leo R\u00f6\u00f6sli, Telefon 041 497 08 08<br \/>\n<\/span><span style=\"color: #000000;\">Ausr\u00fcstung:&nbsp; Gute Laufachuhe\/wettergerechte Kleidung<br \/>\n<\/span><span style=\"color: #000000;\">Bemerkung: &nbsp;Sehr gute Wege (Natur- und Asphaltstrassen). Es gibt auch eine k\u00fcrzere Wanderung ohne Aufstieg oder eine l\u00e4ngere Route \u00fcber die Schlacht.<\/span><b><strong><span style=\"color: #000000;\"><br \/>\n<\/span><\/strong><\/b><\/td>\n<td style=\"width: 33.848532%; vertical-align: top; text-align: center; height: 362px;\"><img loading=\"lazy\" decoding=\"async\" class=\"alignnone size-medium wp-image-1441\" src=\"https:\/\/seniorenverein-schwarzenberg.ch\/wp-content\/uploads\/2026\/05\/FullSizeRender-225x300.jpeg\" alt=\"\" width=\"225\" height=\"300\" srcset=\"https:\/\/seniorenverein-schwarzenberg.ch\/wp-content\/uploads\/2026\/05\/FullSizeRender-225x300.jpeg 225w, https:\/\/seniorenverein-schwarzenberg.ch\/wp-content\/uploads\/2026\/05\/FullSizeRender.jpeg 600w\" sizes=\"auto, (max-width: 225px) 100vw, 225px\" \/><\/p>\n<p><a href=\"https:\/\/seniorenverein-schwarzenberg.ch\/wp-content\/uploads\/2026\/04\/Sempach.pdf\" target=\"_blank\" rel=\"noopener\">Weitere Infos<\/a><\/p>\n<p><a href=\"https:\/\/seniorenverein-schwarzenberg.ch\/index.php\/fotoalbum\/\">Zu den Bildern<\/a><\/td>\n<\/tr>\n<tr style=\"height: 149px;\">\n<td style=\"width: 65.996909%; vertical-align: top; height: 149px;\"><b><strong><span style=\"color: #000000;\">Jass- und Spielnachmittag<br \/>\n<\/span><\/strong><\/b><span style=\"color: #000000;\"><em>Donnerstag, 16. April 2026<\/em><\/span><span style=\"color: #000000;\"><br \/>\nTreffpunkt: 13.00 Uhr im Restaurant Kreuz<br \/>\nEs kann auch&nbsp; gespielt werden (z. B. Br\u00e4ndi Dog, Uno, SkipBo, usw.)<\/span><\/td>\n<td style=\"width: 33.848532%; vertical-align: top; text-align: center; height: 149px;\"><img loading=\"lazy\" decoding=\"async\" class=\"alignnone wp-image-544 size-full\" src=\"https:\/\/seniorenverein-schwarzenberg.ch\/wp-content\/uploads\/2023\/02\/jassen-spielen-senioren.jpg\" alt=\"\" width=\"300\" height=\"200\"><\/td>\n<\/tr>\n<tr style=\"height: 164px;\">\n<td style=\"width: 65.996909%; vertical-align: top; height: 164px;\"><b><strong><span style=\"color: #000000;\">Spaziergang<br \/>\n<\/span><\/strong><\/b><span style=\"color: #000000;\"><em>Dienstag, 7. April 2025<\/em><\/span><span style=\"color: #000000;\"><br \/>\nTreffpunkt: 13.30 Uhr PP R\u00f6ssli<br \/>\nAuch Nichtmitglieder sind herzlich willkommen!<\/span><\/td>\n<td style=\"width: 33.848532%; vertical-align: top; text-align: center; height: 164px;\"><img loading=\"lazy\" decoding=\"async\" class=\"alignnone size-full wp-image-637\" src=\"https:\/\/seniorenverein-schwarzenberg.ch\/wp-content\/uploads\/2023\/06\/bank.jpeg\" alt=\"\" width=\"300\" height=\"221\"><\/td>\n<\/tr>\n<tr style=\"height: 338px;\">\n<td style=\"width: 65.996909%; vertical-align: top; height: 338px;\"><b><strong><span style=\"color: #000000;\">Nachmittagswanderung Sigigen<br \/>\n<\/span><\/strong><\/b><span style=\"color: #000000;\"><em>31. M\u00e4rz 2026<br \/>\n<\/em><\/span>Besammlung:&nbsp; 13.00 Uhr, PP R\u00f6ssli<br \/>\nVerkehrsmittel:&nbsp; Auto bis PP Sigigen, Kirche<br \/>\nWanderroute:<span style=\"font-family: inherit; font-size: inherit;\">&nbsp; Sigigen &#8211; St\u00e4ublig &#8211; Graubaum &#8211; Graubaumwald -Amsig &#8211; Sigigen<br \/>\n<\/span>Wanderzeit:&nbsp; ca. 2 \u00bc Stunden, H\u00f6hendifferenz: 115 m<br \/>\nVerpflegung:&nbsp; aus dem Rucksack<br \/>\nWanderleiter:&nbsp; Pius Fuchs, Telefon 041 340 22 46<br \/>\nAusr\u00fcstung:&nbsp; Gutes Schuhwerk\/Regenschutz<br \/>\nBemerkung:&nbsp; Wir gehen auf eine einfache Fr\u00fchlings-wanderung durch Wald und Feld mit geringer H\u00f6hendifferenz. Eine verk\u00fcrzte Wanderrute ist m\u00f6glich.<b><\/b><\/td>\n<td style=\"width: 33.848532%; vertical-align: top; text-align: center; height: 338px;\"><img><img loading=\"lazy\" decoding=\"async\" class=\"alignnone size-full wp-image-1371\" src=\"https:\/\/seniorenverein-schwarzenberg.ch\/wp-content\/uploads\/2026\/03\/sigigen-1.jpeg\" alt=\"\" width=\"300\" height=\"157\"><br \/>\n<img loading=\"lazy\" decoding=\"async\" class=\"alignnone size-full wp-image-1368\" src=\"https:\/\/seniorenverein-schwarzenberg.ch\/wp-content\/uploads\/2026\/03\/sigigen.png\" alt=\"\" width=\"300\" height=\"249\"><br \/>\n<a href=\"https:\/\/seniorenverein-schwarzenberg.ch\/wp-content\/uploads\/2026\/03\/Sigigen.pdf\" target=\"_blank\" rel=\"noopener\">Weitere Infos<\/a><\/td>\n<\/tr>\n<tr style=\"height: 149px;\">\n<td style=\"width: 65.996909%; vertical-align: top; height: 149px;\"><b><strong><span style=\"color: #000000;\">Jass- und Spielnachmittag<br \/>\n<\/span><\/strong><\/b><span style=\"color: #000000;\"><em>Donnerstag, 12. M\u00e4rz 2026<\/em><\/span><span style=\"color: #000000;\"><br \/>\nTreffpunkt: 13.00 Uhr im Restaurant Kreuz<br \/>\nEs kann auch&nbsp; gespielt werden (z. B. Br\u00e4ndi Dog, Uno, SkipBo, usw.)<\/span><\/td>\n<td style=\"width: 33.848532%; vertical-align: top; text-align: center; height: 149px;\"><img loading=\"lazy\" decoding=\"async\" class=\"alignnone wp-image-544 size-full\" src=\"https:\/\/seniorenverein-schwarzenberg.ch\/wp-content\/uploads\/2023\/02\/jassen-spielen-senioren.jpg\" alt=\"\" width=\"300\" height=\"200\"><\/td>\n<\/tr>\n<tr style=\"height: 286px;\">\n<td style=\"width: 65.996909%; vertical-align: top; height: 286px;\"><b><strong><span style=\"color: #000000;\">Wandern\/Schneeschuhlaufen Turren<\/span><br \/>\n<\/strong><\/b><em style=\"caret-color: #000000; color: #000000;\">Dienstag, 24. Februar 2026<\/em><br \/>\n<span style=\"color: #000000;\">Treffpunkt: 09.00 Uhr PP R\u00f6ssli<br \/>\n<span style=\"font-family: inherit; font-size: inherit;\">Verkehrsmittel: Privatautos bis Lungern, Luftseilbahn Turren, (falls vorhanden, Halbtax mitnehmen). <\/span><\/span><br \/>\n<span style=\"font-family: inherit; font-size: inherit;\">Route: Wanderung oder Schneeschuhtour (L\u00e4nge kann je nach Wetter, &nbsp;Schneeverh\u00e4ltnissen und Kondition variiert werden). <a href=\"https:\/\/seniorenverein-schwarzenberg.ch\/wp-content\/uploads\/2026\/02\/Schneeschuhtour-Turren.pdf\" target=\"_blank\" rel=\"noopener\">Weitere Infos<\/a><br \/>\nWanderleitung: Doris Reck<br \/>\nInfos: Doris Reck, Tel. 041 497 21 55<br \/>\n<a href=\"https:\/\/seniorenverein-schwarzenberg.ch\/index.php\/fotoalbum\/\">Fotos<\/a><\/span><\/td>\n<td style=\"width: 33.848532%; vertical-align: top; text-align: center; height: 286px;\"><img><img loading=\"lazy\" decoding=\"async\" class=\"alignnone size-medium wp-image-1343\" src=\"https:\/\/seniorenverein-schwarzenberg.ch\/wp-content\/uploads\/2026\/02\/turren-2-300x168.jpg\" alt=\"\" width=\"300\" height=\"168\" srcset=\"https:\/\/seniorenverein-schwarzenberg.ch\/wp-content\/uploads\/2026\/02\/turren-2-300x168.jpg 300w, https:\/\/seniorenverein-schwarzenberg.ch\/wp-content\/uploads\/2026\/02\/turren-2.jpg 342w\" sizes=\"auto, (max-width: 300px) 100vw, 300px\" \/> <img loading=\"lazy\" decoding=\"async\" class=\"alignnone size-medium wp-image-1344\" src=\"https:\/\/seniorenverein-schwarzenberg.ch\/wp-content\/uploads\/2026\/02\/Turren-1-300x180.jpg\" alt=\"\" width=\"300\" height=\"180\" srcset=\"https:\/\/seniorenverein-schwarzenberg.ch\/wp-content\/uploads\/2026\/02\/Turren-1-300x180.jpg 300w, https:\/\/seniorenverein-schwarzenberg.ch\/wp-content\/uploads\/2026\/02\/Turren-1.jpg 600w\" sizes=\"auto, (max-width: 300px) 100vw, 300px\" \/><\/td>\n<\/tr>\n<tr style=\"height: 149px;\">\n<td style=\"width: 65.996909%; vertical-align: top; height: 149px;\"><span style=\"color: #000000;\"><b><strong>Jass- und Spielnachmittag<br \/>\n<\/strong><\/b><em>Donnerstag, 19. Februar 2026<\/em><br \/>\nTreffpunkt: 13.00 Uhr im <strong>Restaurant R\u00f6ssli<\/strong><br \/>\nEs kann auch&nbsp; gespielt werden (z. B. Br\u00e4ndi Dog, Uno, SkipBo, usw.)<\/span><\/td>\n<td style=\"width: 33.848532%; vertical-align: top; text-align: center; height: 149px;\"><img loading=\"lazy\" decoding=\"async\" class=\"alignnone wp-image-544 size-full\" src=\"https:\/\/seniorenverein-schwarzenberg.ch\/wp-content\/uploads\/2023\/02\/jassen-spielen-senioren.jpg\" alt=\"\" width=\"300\" height=\"200\"><\/td>\n<\/tr>\n<tr style=\"height: 149px;\">\n<td style=\"width: 65.996909%; vertical-align: top; height: 149px;\"><span style=\"color: #000000;\"><b><strong>GV und Mittagessen<br \/>\n<\/strong><\/b><em>Donnerstag, 29. Februar 2026<\/em><br \/>\nTreffpunkt: 10.30 Uhr im Hotel Kreuz<\/span><\/td>\n<td style=\"width: 33.848532%; vertical-align: top; text-align: center; height: 149px;\"><img loading=\"lazy\" decoding=\"async\" class=\"alignnone size-medium wp-image-762\" src=\"https:\/\/seniorenverein-schwarzenberg.ch\/wp-content\/uploads\/2024\/01\/gv.jpg\" alt=\"\" width=\"300\" height=\"199\"><\/td>\n<\/tr>\n<tr style=\"height: 127px;\">\n<td style=\"width: 65.996909%; vertical-align: top; height: 127px;\"><span style=\"color: #000000;\"><b><strong>Wandern\/Schneeschuhlaufen<br \/>\n<\/strong><\/b><em>Dienstag, 20. Januar 2026<\/em><br \/>\nTreffpunkt: 13.00 Uhr PP R\u00f6ssli<br \/>\n<a href=\"https:\/\/seniorenverein-schwarzenberg.ch\/index.php\/fotoalbum\/\">Ein paar Bilder<\/a><\/span><\/td>\n<td style=\"width: 33.848532%; vertical-align: top; text-align: center; height: 127px;\"><img loading=\"lazy\" decoding=\"async\" class=\"alignnone wp-image-1333 size-medium\" src=\"https:\/\/seniorenverein-schwarzenberg.ch\/wp-content\/uploads\/2026\/01\/2025-01-Schneeschuhtour_3-300x169.jpg\" alt=\"\" width=\"300\" height=\"169\" srcset=\"https:\/\/seniorenverein-schwarzenberg.ch\/wp-content\/uploads\/2026\/01\/2025-01-Schneeschuhtour_3-300x169.jpg 300w, https:\/\/seniorenverein-schwarzenberg.ch\/wp-content\/uploads\/2026\/01\/2025-01-Schneeschuhtour_3-768x432.jpg 768w, https:\/\/seniorenverein-schwarzenberg.ch\/wp-content\/uploads\/2026\/01\/2025-01-Schneeschuhtour_3.jpg 1024w\" sizes=\"auto, (max-width: 300px) 100vw, 300px\" \/><\/td>\n<\/tr>\n<tr style=\"height: 149px;\">\n<td style=\"width: 65.996909%; vertical-align: top; height: 149px;\"><span style=\"color: #000000;\"><b><strong>Jass- und Spielnachmittag<br \/>\n<\/strong><\/b><em>Donnerstag, 11. Dezember 2025<\/em><br \/>\nTreffpunkt: 13.00 Uhr im Restaurant Kreuz<br \/>\nEs kann auch&nbsp; gespielt werden (z. B. Br\u00e4ndi Dog, Uno, SkipBo, usw.)<\/span><\/td>\n<td style=\"width: 33.848532%; vertical-align: top; text-align: center; height: 149px;\"><img loading=\"lazy\" decoding=\"async\" class=\"alignnone wp-image-544 size-full\" src=\"https:\/\/seniorenverein-schwarzenberg.ch\/wp-content\/uploads\/2023\/02\/jassen-spielen-senioren.jpg\" alt=\"\" width=\"300\" height=\"200\"><\/td>\n<\/tr>\n<tr style=\"height: 149px;\">\n<td style=\"width: 65.996909%; vertical-align: top; height: 149px;\">\n<div class=\"page\" title=\"Page 9\">\n<div class=\"layoutArea\">\n<div class=\"column\">\n<p><span style=\"color: #000000;\"><b><strong>Wandern\/Chlaush\u00f6ck in der Langerlen<br \/>\n<\/strong><\/b><em>Dienstag, 25. November 2025<\/em><br \/>\nTreffpunkt: 13.00 Uhr Parkplatz R\u00f6ssli<\/span><\/p>\n<\/div>\n<\/div>\n<\/div>\n<\/td>\n<td style=\"width: 33.848532%; vertical-align: top; text-align: center; height: 149px;\"><img loading=\"lazy\" decoding=\"async\" class=\"alignnone size-full wp-image-752\" src=\"https:\/\/seniorenverein-schwarzenberg.ch\/wp-content\/uploads\/2023\/11\/nikolaus.jpg\" alt=\"\" width=\"300\" height=\"200\"><\/td>\n<\/tr>\n<tr style=\"height: 154px;\">\n<td style=\"width: 65.996909%; vertical-align: top; height: 154px;\">\n<div class=\"page\" title=\"Page 9\">\n<div class=\"layoutArea\">\n<div class=\"column\">\n<p><span style=\"color: #000000;\"><b><strong>Jass- und Spielnachmittag<br \/>\n<\/strong><\/b><em>Donnerstag, 13. November 2025<\/em><br \/>\nTreffpunkt: 13.00 Uhr im Restaurant Kreuz<br \/>\nEs kann auch&nbsp; gespielt werden (z. B. Br\u00e4ndi Dog, Uno, usw.)<\/span><\/p>\n<\/div>\n<\/div>\n<\/div>\n<\/td>\n<td style=\"width: 33.848532%; vertical-align: top; text-align: center; height: 154px;\"><img loading=\"lazy\" decoding=\"async\" class=\"alignnone wp-image-544 size-full\" src=\"https:\/\/seniorenverein-schwarzenberg.ch\/wp-content\/uploads\/2023\/02\/jassen-spielen-senioren.jpg\" alt=\"\" width=\"300\" height=\"200\"><\/td>\n<\/tr>\n<tr style=\"height: 290px;\">\n<td style=\"width: 65.996909%; vertical-align: top; height: 290px;\">\n<div class=\"page\" title=\"Page 9\">\n<div class=\"layoutArea\">\n<div class=\"column\">\n<p><span style=\"color: #000000;\"><b>Halbtagswanderung<\/b><\/span><br \/>\n<span style=\"color: #000000;\"><em>Dienstag, 21. Oktober 2025<br \/>\n<\/em><\/span>Besammlung:&nbsp; 13.00 Uhr R\u00f6ssliplatz Schwarzenberg Anreise:&nbsp; Privatautos nach Kalkboden<br \/>\nWanderroute:&nbsp; &nbsp;Kalkloch \u2013 Chappelbodenbr\u00fccke &#8211; Entlebuch, &nbsp;<br \/>\nWanderzeit ca. 2 Std., H\u00f6hendifferenz ca. 160 m<br \/>\nAusr\u00fcstung:&nbsp; Wanderschuhe<br \/>\nInfos: bei Leo R\u00f6\u00f6sli (041 497 08 08)<br \/>\n<a href=\"https:\/\/seniorenverein-schwarzenberg.ch\/wp-content\/uploads\/2025\/10\/Emmenuferweg-Info.pdf\">Weitere Infos<\/a><br \/>\n<a href=\"https:\/\/seniorenverein-schwarzenberg.ch\/index.php\/fotoalbum\/\">Ein paar Bilder<\/a><\/p>\n<\/div>\n<\/div>\n<\/div>\n<\/td>\n<td style=\"width: 33.848532%; vertical-align: top; text-align: center; height: 290px;\"><img class=\"alignnone\"><img loading=\"lazy\" decoding=\"async\" class=\"alignnone size-full wp-image-1279\" src=\"https:\/\/seniorenverein-schwarzenberg.ch\/wp-content\/uploads\/2025\/10\/Emmuferweg_5.jpg\" alt=\"\" width=\"200\" height=\"267\"><img loading=\"lazy\" decoding=\"async\" class=\"alignnone wp-image-1281 size-full\" src=\"https:\/\/seniorenverein-schwarzenberg.ch\/wp-content\/uploads\/2025\/10\/Emmuferweg-3-e1759953542683.jpg\" alt=\"\" width=\"400\" height=\"533\"><\/td>\n<\/tr>\n<tr style=\"height: 154px;\">\n<td style=\"width: 65.996909%; vertical-align: top; height: 154px;\">\n<div class=\"page\" title=\"Page 9\">\n<div class=\"layoutArea\">\n<div class=\"column\">\n<p><strong><span style=\"color: #000000;\"><b>Jass- und Spielnachmittag<br \/>\n<\/b><\/span><\/strong><span style=\"color: #000000;\"><em>Donnerstag, 16. Oktober 2025<\/em><\/span><span style=\"color: #000000;\"><br \/>\nTreffpunkt: 13.00 Uhr im Restaurant Kreuz<br \/>\nEs kann auch&nbsp; gespielt werden (z. B. Br\u00e4ndi Dog, Uno, usw.)<\/span><\/p>\n<\/div>\n<\/div>\n<\/div>\n<\/td>\n<td style=\"width: 33.848532%; vertical-align: top; text-align: center; height: 154px;\"><img loading=\"lazy\" decoding=\"async\" class=\"alignnone wp-image-544 size-full\" src=\"https:\/\/seniorenverein-schwarzenberg.ch\/wp-content\/uploads\/2023\/02\/jassen-spielen-senioren.jpg\" alt=\"\" width=\"300\" height=\"200\"><\/td>\n<\/tr>\n<tr style=\"height: 164px;\">\n<td style=\"width: 65.996909%; vertical-align: top; height: 164px;\">\n<div class=\"page\" title=\"Page 9\">\n<div class=\"layoutArea\">\n<div class=\"column\">\n<p><strong><span style=\"color: #000000;\"><b>Spaziergang<br \/>\n<\/b><\/span><\/strong><span style=\"color: #000000;\"><em>Dienstag, 7. Oktober 2025<\/em><\/span><span style=\"color: #000000;\"><br \/>\nTreffpunkt: 13.30 Uhr PP R\u00f6ssli<br \/>\nAuch Nichtmitglieder sind herzlich willkommen!<br \/>\n<a href=\"https:\/\/seniorenverein-schwarzenberg.ch\/index.php\/fotoalbum\/\">Ein paar Bilder<\/a><\/span><\/p>\n<\/div>\n<\/div>\n<\/div>\n<\/td>\n<td style=\"width: 33.848532%; vertical-align: top; text-align: center; height: 164px;\"><img loading=\"lazy\" decoding=\"async\" class=\"alignnone size-full wp-image-637\" src=\"https:\/\/seniorenverein-schwarzenberg.ch\/wp-content\/uploads\/2023\/06\/bank.jpeg\" alt=\"\" width=\"300\" height=\"221\"><\/td>\n<\/tr>\n<tr style=\"height: 700px;\">\n<td style=\"width: 65.996909%; vertical-align: top; height: 700px;\">\n<div class=\"page\" title=\"Page 9\">\n<div class=\"layoutArea\">\n<div class=\"column\">\n<p><strong><span style=\"color: #000000;\"><b>Tageswanderung im Entlebuch<br \/>\n<\/b><\/span><\/strong><span style=\"color: #000000;\"><em>Dienstag, 30. September 2025<\/em><\/span><span style=\"color: #000000;\"><br \/>\nTreffpunkt: 08.00 Uhr, PP Ro\u0308ssli<br \/>\nTeil 1: Emmenuferweg: Verkehrsmittel: Privatauto bis PP Emmenufer, Entlebuch<br \/>\nWanderroute: Entlebuch \u2013 Hasle \u2013 Schu\u0308pfheim Wanderzeit: ca. 2,5 Stunden, Ho\u0308hendifferenz 95 m<br \/>\nTeil 2:<span style=\"font-family: inherit; font-size: inherit;\"> Chessiloch, Flu\u0308eli: Verkehrsmittel: Privatauto bis PP Kragen, Flu\u0308hli<br \/>\n<\/span>Wanderroute: PP Kragen \u2013 Chessiloch \u2013 retour<br \/>\n<span style=\"font-family: inherit; font-size: inherit;\">Wanderzeit: ca. 1,5 Stunden mit Besichtigung Ho\u0308hendifferenz 80 m<br \/>\n<\/span>Verpflegung: aus dem Rucksack<br \/>\nWanderleiter: Pius Fuchs, <\/span><span style=\"color: #000000;\"><span style=\"font-family: inherit; font-size: inherit;\">Tel. 041<\/span><\/span><span style=\"color: #000000;\"><span style=\"font-family: inherit; font-size: inherit;\">340 22 46<br \/>\n<\/span><span style=\"font-family: inherit; font-size: inherit;\">Ausru\u0308stung: Wanderschuhe, Wandersto\u0308cke, Regenschutz<br \/>\n<\/span>Bemerkung: <span style=\"font-family: inherit; font-size: inherit;\">Der Autotransfer von Entlebuch nach Schu\u0308pfheim wird sichergestellt.<br \/>\n<\/span><span style=\"font-family: inherit; font-size: inherit;\">Der Emmenuferweg bietet eine leichte Wanderung auf einem scho\u0308nen Naturweg und mitten in den tollen Herbstfarben.<br \/>\n<\/span><\/span><span style=\"color: #000000;\"><span style=\"font-family: inherit; font-size: inherit;\">Hier sind verku\u0308rzte Varianten mo\u0308glich.<\/span><\/span><strong><span style=\"color: #000000;\"><b><span style=\"font-family: inherit; font-size: inherit;\"><br \/>\n<\/span><\/b><\/span><\/strong><span style=\"color: #000000;\"><span style=\"font-family: inherit; font-size: inherit;\">Eine Schwefelquelle, Wasserfa\u0308lle, interessante Felsstrukturen und zwei Ha\u0308ngebru\u0308cken geben dem Chessiloch den imposanten Rahmen.<br \/>\n<a href=\"https:\/\/seniorenverein-schwarzenberg.ch\/wp-content\/uploads\/2025\/09\/Herbstwanderung-Entlebuch-Info.pdf\" target=\"_blank\" rel=\"noopener\">Weitere Infos<\/a><\/span><\/span><\/p>\n<\/div>\n<\/div>\n<\/div>\n<\/td>\n<td style=\"width: 33.848532%; vertical-align: top; text-align: center; height: 700px;\"><img loading=\"lazy\" decoding=\"async\" class=\"alignnone wp-image-1220 size-full\" src=\"https:\/\/seniorenverein-schwarzenberg.ch\/wp-content\/uploads\/2025\/09\/WhatsApp-Image-2025-09-11-at-20.30.43-1.jpeg\" alt=\"\" width=\"300\" height=\"518\" srcset=\"https:\/\/seniorenverein-schwarzenberg.ch\/wp-content\/uploads\/2025\/09\/WhatsApp-Image-2025-09-11-at-20.30.43-1.jpeg 300w, https:\/\/seniorenverein-schwarzenberg.ch\/wp-content\/uploads\/2025\/09\/WhatsApp-Image-2025-09-11-at-20.30.43-1-174x300.jpeg 174w\" sizes=\"auto, (max-width: 300px) 100vw, 300px\" \/><br \/>\n&nbsp;<a href=\"https:\/\/seniorenverein-schwarzenberg.ch\/index.php\/fotoalbum\/\">Zu den Fotos<\/a><\/td>\n<\/tr>\n<tr style=\"height: 149px;\">\n<td style=\"width: 65.996909%; vertical-align: top; height: 149px;\">\n<div class=\"page\" title=\"Page 11\">\n<div class=\"section\">\n<div class=\"layoutArea\">\n<div class=\"column\">\n<p><span style=\"color: #000000;\"><strong><b>Essen, Jassen, Spielen<br \/>\n<\/b><\/strong><em>Donnerstag, 11. September 2025<\/em><br \/>\nTreffpunkt: 11.30 Uhr im Restaurant Kreuz<\/span><\/p>\n<\/div>\n<\/div>\n<\/div>\n<\/div>\n<\/td>\n<td style=\"width: 33.848532%; vertical-align: top; text-align: center; height: 149px;\"><img loading=\"lazy\" decoding=\"async\" class=\"alignnone wp-image-544 size-full\" src=\"https:\/\/seniorenverein-schwarzenberg.ch\/wp-content\/uploads\/2023\/02\/jassen-spielen-senioren.jpg\" alt=\"\" width=\"300\" height=\"200\"><\/td>\n<\/tr>\n<tr style=\"height: 164px;\">\n<td style=\"width: 65.996909%; vertical-align: top; height: 164px;\"><span style=\"color: #000000;\"><strong><b>Spaziergang<br \/>\n<\/b><\/strong><em>Dienstag, 2. September 2025<\/em><br \/>\nTreffpunkt: 13.30 Uhr PP R\u00f6ssli<br \/>\nAuch Nichtmitglieder sind herzlich willkommen!<\/span><\/td>\n<td style=\"width: 33.848532%; vertical-align: top; text-align: center; height: 164px;\"><img loading=\"lazy\" decoding=\"async\" class=\"alignnone size-full wp-image-637\" src=\"https:\/\/seniorenverein-schwarzenberg.ch\/wp-content\/uploads\/2023\/06\/bank.jpeg\" alt=\"\" width=\"300\" height=\"221\"><\/td>\n<\/tr>\n<tr style=\"height: 518px;\">\n<td style=\"width: 65.996909%; vertical-align: top; height: 518px;\">\n<div class=\"page\" title=\"Page 11\">\n<div class=\"section\">\n<div class=\"layoutArea\">\n<div class=\"column\">\n<p><span style=\"color: #000000;\"><strong>Tageswanderung zur Albert-Heim-H\u00fctte<\/strong><br \/>\n<em>Dienstag, 26. August 2025<\/em><\/span><br \/>\nTreffpunkt: 08.00 Uhr, PP Ro\u0308ssli<br \/>\nVerkehrsmittel: Privatauto bis PP Tiefenbach\/Ta\u0308tsch<br \/>\nWanderroute: Ta\u0308tsch \u2013 Gspender- boden \u2013 Lochbergcha\u0308len \u2013 Saasegg \u2013 Albert-Heim-Hu\u0308tte \u2013 Schafberg \u2013 PP Ta\u0308tsch<br \/>\nWanderzeit: ca. 4 Std. &nbsp;\/ Ho\u0308hendifferenz: 440 m<br \/>\nVariante \u00abkurz\u00bb: Ta\u0308tsch \u2013 Albert- Heim-Hu\u0308tte \u2013 Ta\u0308tsch<br \/>\nWanderzeit: ca. 2,5 Std. \/ Ho\u0308hendifferenz: 276 m Verpflegung: aus dem Rucksack<br \/>\n<span style=\"font-family: inherit; font-size: inherit;\">Wanderleiter: Pius Fuchs, <\/span><span style=\"font-family: inherit; font-size: inherit;\">041 340 22 46<br \/>\n<\/span><span style=\"font-family: inherit; font-size: inherit;\">Ausru\u0308stung: gutes Schuhwerk, Wandersto\u0308cke, Regenschutz<br \/>\n<\/span><span style=\"font-family: inherit; font-size: inherit;\">Ideales Ziel fu\u0308r Familien und Wanderer zur Albert-Heim-Hu\u0308tte.<br \/>\nEinfache Bergwanderwege fu\u0308hren zur Hu\u0308tte auf 2542 m.u\u0308.M.<br \/>\n<a href=\"https:\/\/seniorenverein-schwarzenberg.ch\/wp-content\/uploads\/2025\/08\/Info_Albert-Heim_Huette.pdf\" target=\"_blank\" rel=\"noopener\">Weitere Infos<\/a><br \/>\n<\/span><\/p>\n<\/div>\n<\/div>\n<\/div>\n<\/div>\n<\/td>\n<td style=\"width: 33.848532%; vertical-align: top; text-align: center; height: 518px;\"><img loading=\"lazy\" decoding=\"async\" class=\"alignnone size-medium wp-image-1180\" src=\"https:\/\/seniorenverein-schwarzenberg.ch\/wp-content\/uploads\/2025\/08\/IMG_8453.jpeg\" alt=\"\" width=\"300\" height=\"169\"> <img loading=\"lazy\" decoding=\"async\" class=\"alignnone size-medium wp-image-1181\" src=\"https:\/\/seniorenverein-schwarzenberg.ch\/wp-content\/uploads\/2025\/08\/IMG_8475.jpeg\" alt=\"\" width=\"300\" height=\"169\"><img loading=\"lazy\" decoding=\"async\" class=\"alignnone size-medium wp-image-1179\" src=\"https:\/\/seniorenverein-schwarzenberg.ch\/wp-content\/uploads\/2025\/08\/IMG_8484.jpeg\" alt=\"\" width=\"300\" height=\"169\"><\/p>\n<p><a href=\"https:\/\/seniorenverein-schwarzenberg.ch\/index.php\/fotoalbum\/\">Zu den Fotos<\/a><\/p>\n<p>&nbsp;<\/td>\n<\/tr>\n<tr style=\"height: 154px;\">\n<td style=\"width: 65.996909%; vertical-align: top; height: 154px;\">\n<div class=\"page\" title=\"Page 17\">\n<div class=\"layoutArea\">\n<div class=\"column\">\n<div class=\"page\" title=\"Page 11\">\n<div class=\"layoutArea\">\n<div class=\"column\">\n<p><span style=\"color: #000000;\"><strong><b>Jass- und Spielnachmittag<br \/>\n<\/b><\/strong><em>Donnerstag, 7. August 2025<\/em><br \/>\nTreffpunkt: 13.00 Uhr im Restaurant Kreuz<br \/>\nEs kann auch&nbsp; gespielt werden (z. B. Br\u00e4ndi Dog, Uno, usw.)<\/span><\/p>\n<\/div>\n<\/div>\n<\/div>\n<\/div>\n<\/div>\n<\/div>\n<\/td>\n<td style=\"width: 33.848532%; vertical-align: top; text-align: center; height: 154px;\"><img loading=\"lazy\" decoding=\"async\" class=\"alignnone size-full wp-image-544\" src=\"https:\/\/seniorenverein-schwarzenberg.ch\/wp-content\/uploads\/2023\/02\/jassen-spielen-senioren.jpg\" alt=\"\" width=\"300\" height=\"200\"><\/td>\n<\/tr>\n<tr style=\"height: 164px;\">\n<td style=\"width: 65.996909%; vertical-align: top; height: 164px;\">\n<div class=\"page\" title=\"Page 17\">\n<div class=\"layoutArea\">\n<div class=\"column\">\n<div class=\"page\" title=\"Page 11\">\n<div class=\"layoutArea\">\n<div class=\"column\">\n<p><span style=\"color: #000000;\"><strong><b>Spaziergang<br \/>\n<\/b><\/strong><em>Dienstag, 5. August 2025<\/em><br \/>\nTreffpunkt: 13.30 Uhr PP R\u00f6ssli<br \/>\nAuch Nichtmitglieder sind herzlich willkommen!<\/span><\/p>\n<\/div>\n<\/div>\n<\/div>\n<\/div>\n<\/div>\n<\/div>\n<\/td>\n<td style=\"width: 33.848532%; vertical-align: top; text-align: center; height: 164px;\"><img loading=\"lazy\" decoding=\"async\" class=\"alignnone size-full wp-image-637\" src=\"https:\/\/seniorenverein-schwarzenberg.ch\/wp-content\/uploads\/2023\/06\/bank.jpeg\" alt=\"\" width=\"300\" height=\"221\"><\/td>\n<\/tr>\n<tr style=\"height: 440px;\">\n<td style=\"width: 65.996909%; vertical-align: top; height: 440px;\">\n<div class=\"page\" title=\"Page 17\">\n<div class=\"layoutArea\">\n<div class=\"column\">\n<div class=\"page\" title=\"Page 11\">\n<div class=\"layoutArea\">\n<div class=\"column\">\n<p><span style=\"color: #000000;\"><strong>Tageswanderung auf dem Niederbauen<\/strong><br \/>\n<em>Dienstag, 29. Juli 2025<br \/>\n<\/em><\/span>Treffpunkt: 08.00 Uhr, PP R\u00f6ssli<br \/>\nVerkehrsmittel: Privatautos bis Emmetten,<br \/>\nLuftseilbahn Emmetten &#8211; Niederbauen<br \/>\n<span style=\"font-family: inherit; font-size: inherit;\">Wanderroute: Bergstation Niederbauen \u2013 Aufstieg nach Niederbauen Kulm \u2013 Abstieg zum Aussichtspunkt Hundschopf \u2013 zur\u00fcck zur Bergstation.<br \/>\n<\/span><span style=\"font-family: inherit; font-size: inherit;\">Wanderzeit: ca. 3.5 Std., H\u00f6hendifferenz ca. 430 m<br \/>\n<\/span><span style=\"font-family: inherit; font-size: inherit;\">K\u00fcrzere und einfachere Route direkt zum Aussichtspunkt Hundschopf:<br \/>\n<\/span><span style=\"font-family: inherit; font-size: inherit;\">Wanderzeit ca. 2 Std., H\u00f6hendifferenz: ca. 110m<br \/>\n<\/span><span style=\"font-family: inherit; font-size: inherit;\">Mittagsverpflegung: Aus dem Rucksack<br \/>\n<\/span>Ausr\u00fcstung: Sonnen- und Regenschutz, Wanderst\u00f6cke<br \/>\n<span style=\"font-family: inherit; font-size: inherit;\">Wanderleitung: Doris Reck, 079 749 05 93<br \/>\n<a href=\"https:\/\/seniorenverein-schwarzenberg.ch\/wp-content\/uploads\/2025\/07\/Niederbauen-Info.pdf\" target=\"_blank\" rel=\"noopener\">Weitere Infos<\/a><br \/>\n<\/span><\/p>\n<\/div>\n<\/div>\n<\/div>\n<\/div>\n<\/div>\n<\/div>\n<\/td>\n<td style=\"width: 33.848532%; vertical-align: top; text-align: center; height: 440px;\"><img loading=\"lazy\" decoding=\"async\" class=\"alignnone size-medium wp-image-1137\" src=\"https:\/\/seniorenverein-schwarzenberg.ch\/wp-content\/uploads\/2025\/07\/IMG_8310-300x169.jpeg\" alt=\"\" width=\"300\" height=\"169\" srcset=\"https:\/\/seniorenverein-schwarzenberg.ch\/wp-content\/uploads\/2025\/07\/IMG_8310-300x169.jpeg 300w, https:\/\/seniorenverein-schwarzenberg.ch\/wp-content\/uploads\/2025\/07\/IMG_8310.jpeg 400w\" sizes=\"auto, (max-width: 300px) 100vw, 300px\" \/><img loading=\"lazy\" decoding=\"async\" class=\"alignnone size-medium wp-image-1139\" src=\"https:\/\/seniorenverein-schwarzenberg.ch\/wp-content\/uploads\/2025\/07\/IMG_8317-300x169.jpeg\" alt=\"\" width=\"300\" height=\"169\" srcset=\"https:\/\/seniorenverein-schwarzenberg.ch\/wp-content\/uploads\/2025\/07\/IMG_8317-300x169.jpeg 300w, https:\/\/seniorenverein-schwarzenberg.ch\/wp-content\/uploads\/2025\/07\/IMG_8317.jpeg 400w\" sizes=\"auto, (max-width: 300px) 100vw, 300px\" \/><br \/>\n<a href=\"https:\/\/seniorenverein-schwarzenberg.ch\/index.php\/fotoalbum\/\">Zu den Fotos<\/a><\/td>\n<\/tr>\n<tr style=\"height: 154px;\">\n<td style=\"width: 65.996909%; vertical-align: top; height: 154px;\">\n<div class=\"page\" title=\"Page 17\">\n<div class=\"layoutArea\">\n<div class=\"column\">\n<div class=\"page\" title=\"Page 11\">\n<div class=\"layoutArea\">\n<div class=\"column\">\n<p><strong><span style=\"color: #000000;\"><b>Jass- und Spielnachmittag<br \/>\n<\/b><\/span><\/strong><span style=\"color: #000000;\"><em>Donnerstag, 10. Juli 2025<\/em><\/span><span style=\"color: #000000;\"><br \/>\nTreffpunkt: 13.00 Uhr im Restaurant Kreuz<br \/>\nEs kann auch&nbsp; gespielt werden (z. B. Br\u00e4ndi Dog, Uno, usw.)<\/span><\/p>\n<\/div>\n<\/div>\n<\/div>\n<\/div>\n<\/div>\n<\/div>\n<\/td>\n<td style=\"width: 33.848532%; vertical-align: top; text-align: center; height: 154px;\"><img loading=\"lazy\" decoding=\"async\" class=\"alignnone size-full wp-image-544\" src=\"https:\/\/seniorenverein-schwarzenberg.ch\/wp-content\/uploads\/2023\/02\/jassen-spielen-senioren.jpg\" alt=\"\" width=\"300\" height=\"200\"><\/td>\n<\/tr>\n<tr style=\"height: 164px;\">\n<td style=\"width: 65.996909%; vertical-align: top; height: 164px;\">\n<div class=\"page\" title=\"Page 17\">\n<div class=\"layoutArea\">\n<div class=\"column\">\n<div class=\"page\" title=\"Page 11\">\n<div class=\"layoutArea\">\n<div class=\"column\">\n<p><strong><span style=\"color: #000000;\"><b>Spaziergang<br \/>\n<\/b><\/span><\/strong><span style=\"color: #000000;\"><em>Dienstag, 1. Juli 2025<\/em><\/span><strong><span style=\"color: #000000;\"><br \/>\n<\/span><\/strong><span style=\"color: #000000;\">Treffpunkt: 13.30 Uhr PP R\u00f6ssli<\/span><span style=\"color: #000000;\"><br \/>\nAuch Nichtmitglieder sind herzlich willkommen!<\/span><\/p>\n<\/div>\n<\/div>\n<\/div>\n<\/div>\n<\/div>\n<\/div>\n<\/td>\n<td style=\"width: 33.848532%; vertical-align: top; text-align: center; height: 164px;\"><img loading=\"lazy\" decoding=\"async\" class=\"alignnone size-full wp-image-637\" src=\"https:\/\/seniorenverein-schwarzenberg.ch\/wp-content\/uploads\/2023\/06\/bank.jpeg\" alt=\"\" width=\"300\" height=\"221\"><\/td>\n<\/tr>\n<tr style=\"height: 336px;\">\n<td style=\"width: 65.996909%; vertical-align: top; height: 336px;\">\n<div class=\"page\" title=\"Page 17\">\n<div class=\"layoutArea\">\n<div class=\"column\">\n<div class=\"page\" title=\"Page 11\">\n<div class=\"layoutArea\">\n<div class=\"column\">\n<p><strong>Tageswanderung<br \/>\n<\/strong><em>Dienstag, 24. Juni 2025<\/em><br \/>\nTreffpunkt: 09.00 Uhr, PP Ro\u0308ssli<br \/>\nVerkehrsmittel: Privatauto; PP Eigenthalerhof<br \/>\nWanderroute: Eigenthalerhof \u2013 Ho\u0308chberg \u2013 Lauelenegg \u2013 Eigenthalerhof<br \/>\nWanderzeit: ca. 3 1\u20442 bis 4 Std., Ho\u0308hendifferenz: 247m<br \/>\n(auch ku\u0308rzere Variante mo\u0308glich)<br \/>\nAusru\u0308stung: Wanderschuhe, Regenschutz<br \/>\nVerpflegung: aus dem Rucksack<br \/>\nWanderleitung: Leo Ro\u0308o\u0308sli, Tel. 041 497 08 08<br \/>\n<a href=\"https:\/\/seniorenverein-schwarzenberg.ch\/index.php\/fotoalbum\/\">Fotos<\/a><\/p>\n<\/div>\n<\/div>\n<\/div>\n<\/div>\n<\/div>\n<\/div>\n<\/td>\n<td style=\"width: 33.848532%; vertical-align: top; text-align: center; height: 336px;\"><img loading=\"lazy\" decoding=\"async\" class=\"alignnone size-medium wp-image-1123\" src=\"https:\/\/seniorenverein-schwarzenberg.ch\/wp-content\/uploads\/2025\/06\/wanderung-juni-e1750247872207-210x300.jpg\" alt=\"\" width=\"210\" height=\"300\" srcset=\"https:\/\/seniorenverein-schwarzenberg.ch\/wp-content\/uploads\/2025\/06\/wanderung-juni-e1750247872207-210x300.jpg 210w, https:\/\/seniorenverein-schwarzenberg.ch\/wp-content\/uploads\/2025\/06\/wanderung-juni-e1750247872207-718x1024.jpg 718w, https:\/\/seniorenverein-schwarzenberg.ch\/wp-content\/uploads\/2025\/06\/wanderung-juni-e1750247872207.jpg 736w\" sizes=\"auto, (max-width: 210px) 100vw, 210px\" \/><\/td>\n<\/tr>\n<tr style=\"height: 142px;\">\n<td style=\"width: 65.996909%; vertical-align: top; height: 142px;\">\n<div class=\"page\" title=\"Page 17\">\n<div class=\"layoutArea\">\n<div class=\"column\">\n<p><strong><span style=\"color: #000000;\"><b>Jass- und Spielnachmittag<br \/>\n<\/b><\/span><\/strong><span style=\"color: #000000;\"><em>Donnerstag, 12. Juni 2025<\/em><\/span><span style=\"color: #000000;\"><br \/>\nTreffpunkt: 13.00 Uhr im Restaurant Kreuz<br \/>\nEs kann auch&nbsp; gespielt werden (z. B. Br\u00e4ndi Dog, Uno, usw.)<\/span><\/p>\n<\/div>\n<\/div>\n<\/div>\n<\/td>\n<td style=\"width: 33.848532%; vertical-align: top; text-align: center; height: 142px;\"><img loading=\"lazy\" decoding=\"async\" class=\"alignnone size-full wp-image-544\" src=\"https:\/\/seniorenverein-schwarzenberg.ch\/wp-content\/uploads\/2023\/02\/jassen-spielen-senioren.jpg\" alt=\"\" width=\"300\" height=\"200\"><\/td>\n<\/tr>\n<tr style=\"height: 302px;\">\n<td style=\"width: 65.996909%; vertical-align: top; height: 302px;\">\n<div class=\"page\" title=\"Page 17\">\n<div class=\"layoutArea\">\n<div class=\"column\">\n<p><strong><span style=\"color: #000000;\"><b>Repair Caf\u00e9<br \/>\n<\/b><\/span><\/strong><span style=\"color: #000000;\"><em>Donnerstag, 5. Juni 2025<br \/>\n13.30 &#8211; 16.30 Uhr im Pfarreisaal<br \/>\n<\/em><\/span><span style=\"color: #000000;\">Ein paar <\/span><a href=\"https:\/\/seniorenverein-schwarzenberg.ch\/index.php\/fotoalbum\/\">Impressionen<\/a><\/p>\n<\/div>\n<\/div>\n<\/div>\n<\/td>\n<td style=\"width: 33.848532%; vertical-align: top; text-align: center; height: 302px;\"><img loading=\"lazy\" decoding=\"async\" class=\"alignnone size-medium wp-image-1055\" src=\"https:\/\/seniorenverein-schwarzenberg.ch\/wp-content\/uploads\/2025\/05\/Flyer-216x300.jpg\" alt=\"\" width=\"216\" height=\"300\" srcset=\"https:\/\/seniorenverein-schwarzenberg.ch\/wp-content\/uploads\/2025\/05\/Flyer-216x300.jpg 216w, https:\/\/seniorenverein-schwarzenberg.ch\/wp-content\/uploads\/2025\/05\/Flyer-738x1024.jpg 738w, https:\/\/seniorenverein-schwarzenberg.ch\/wp-content\/uploads\/2025\/05\/Flyer-768x1066.jpg 768w, https:\/\/seniorenverein-schwarzenberg.ch\/wp-content\/uploads\/2025\/05\/Flyer.jpg 872w\" sizes=\"auto, (max-width: 216px) 100vw, 216px\" \/><\/td>\n<\/tr>\n<tr style=\"height: 50px;\">\n<td style=\"width: 65.996909%; vertical-align: top; height: 50px;\">\n<div class=\"page\" title=\"Page 17\">\n<div class=\"layoutArea\">\n<div class=\"column\">\n<p><strong><span style=\"color: #000000;\"><b>Spaziergang<br \/>\n<\/b><\/span><\/strong><span style=\"color: #000000;\"><em>Dienstag, 3. Juni 2025<\/em><\/span><span style=\"color: #000000;\"><br \/>\nTreffpunkt: 13.30 Uhr PP R\u00f6ssli<br \/>\nAuch Nichtmitglieder sind herzlich willkommen!<\/span><\/p>\n<\/div>\n<\/div>\n<\/div>\n<\/td>\n<td style=\"width: 33.848532%; vertical-align: top; text-align: center; height: 50px;\"><img loading=\"lazy\" decoding=\"async\" class=\"alignnone size-full wp-image-637\" src=\"https:\/\/seniorenverein-schwarzenberg.ch\/wp-content\/uploads\/2023\/06\/bank.jpeg\" alt=\"\" width=\"300\" height=\"221\"><\/td>\n<\/tr>\n<tr style=\"height: 440px;\">\n<td style=\"width: 65.996909%; vertical-align: top; height: 116px;\">\n<div class=\"page\" title=\"Page 17\">\n<div class=\"layoutArea\">\n<div class=\"column\">\n<p><strong><span style=\"color: #000000;\"><b>Halbtageswanderung<br \/>\n<\/b><\/span><\/strong><span style=\"font-family: inherit; font-size: inherit;\"><span style=\"color: #000000;\"><em>Dienstag, 20. Mai 2025<\/em><\/span><strong><span style=\"color: #000000;\"><b><em><br \/>\n<\/em><\/b><\/span><\/strong>Treffpunkt: 13.00 Uhr, PP Ro\u0308ssli<br \/>\nVerkehrsmittel: Privatauto bis PP St\u00e4feli<br \/>\nWanderroute: Sta\u0308feli \u2013 Sta\u0308feliwa\u0308ng \u2013 Riseten \u2013 Naturfreundehaus \u2013 Sta\u0308feli<br \/>\nWanderzeit: ca. 2 Std. \/ H\u00f6hendifferenz 290<br \/>\nVerpflegung: aus dem Rucksack<br \/>\nAusru\u0308stung: gutes Schuhwerk\/ Regenschutz.<br \/>\nWanderleitung: Pius Fuchs, 041 340 22 46<br \/>\nBemerkung: Wir wandern vom Sta\u0308feli u\u0308ber die Sta\u0308feliwa\u0308ng (Bergwanderweg) bis zum Wendepunkt im Bereich der Risetenalp. Der Ru\u0308ckweg erfolgt u\u0308ber das Naturfreundehaus und Goldwang zuru\u0308ck zum Parkplatz. Ab Sta\u0308feli sind mehrere verku\u0308rzte Wandervarianten mo\u0308glich.<\/span><\/p>\n<\/div>\n<\/div>\n<\/div>\n<\/td>\n<td style=\"width: 33.848532%; vertical-align: top; text-align: center; height: 116px;\"><img loading=\"lazy\" decoding=\"async\" class=\"alignnone size-medium wp-image-1109\" src=\"https:\/\/seniorenverein-schwarzenberg.ch\/wp-content\/uploads\/2025\/06\/2025-05-300x225.jpeg\" alt=\"\" width=\"300\" height=\"225\" srcset=\"https:\/\/seniorenverein-schwarzenberg.ch\/wp-content\/uploads\/2025\/06\/2025-05-300x225.jpeg 300w, https:\/\/seniorenverein-schwarzenberg.ch\/wp-content\/uploads\/2025\/06\/2025-05-1024x769.jpeg 1024w, https:\/\/seniorenverein-schwarzenberg.ch\/wp-content\/uploads\/2025\/06\/2025-05-768x576.jpeg 768w, https:\/\/seniorenverein-schwarzenberg.ch\/wp-content\/uploads\/2025\/06\/2025-05-1536x1153.jpeg 1536w, https:\/\/seniorenverein-schwarzenberg.ch\/wp-content\/uploads\/2025\/06\/2025-05.jpeg 2048w\" sizes=\"auto, (max-width: 300px) 100vw, 300px\" \/><\/td>\n<\/tr>\n<tr style=\"height: 130px;\">\n<td style=\"width: 65.996909%; vertical-align: top; height: 130px;\"><span style=\"color: #000000;\"><strong><b>Jass- und Spielnachmittag<br \/>\n<\/b><\/strong><em>Donnerstag, 15. Mai 2025<\/em><br \/>\nTreffpunkt: 13.00 Uhr im Restaurant Kreuz<br \/>\nEs kann auch&nbsp; gespielt werden (z. B. Br\u00e4ndi Dog, Uno, usw.)<\/span><\/td>\n<td style=\"width: 33.848532%; vertical-align: top; text-align: center; height: 130px;\"><img loading=\"lazy\" decoding=\"async\" class=\"alignnone size-full wp-image-544\" src=\"https:\/\/seniorenverein-schwarzenberg.ch\/wp-content\/uploads\/2023\/02\/jassen-spielen-senioren.jpg\" alt=\"\" width=\"300\" height=\"200\"><\/td>\n<\/tr>\n<tr style=\"height: 26px;\">\n<td style=\"width: 65.996909%; vertical-align: top; height: 10px;\">\n<div class=\"page\" title=\"Page 9\">\n<div class=\"layoutArea\">\n<div class=\"column\">\n<p><strong>Seniorenausflug<br \/>\n<\/strong><span style=\"color: #000000;\"><em>Donnerstag, 8. Mai 2025<\/em><\/span><strong><br \/>\n<\/strong><span style=\"color: #000000;\">Der diesj\u00e4hrige Vereinsausflug f\u00fchrt uns an den Bodensee. <\/span>Perso\u0308nliche Einladungen wurden verschickt. Anmeldeschluss: 3. Mai.<br \/>\n<a href=\"https:\/\/seniorenverein-schwarzenberg.ch\/index.php\/fotoalbum\/\">Zu den Bildern<\/a><\/p>\n<\/div>\n<\/div>\n<\/div>\n<\/td>\n<td style=\"width: 33.848532%; vertical-align: top; text-align: center; height: 10px;\"><img loading=\"lazy\" decoding=\"async\" class=\"alignnone size-medium wp-image-1039\" src=\"https:\/\/seniorenverein-schwarzenberg.ch\/wp-content\/uploads\/2025\/05\/bs-300x200.jpg\" alt=\"\" width=\"300\" height=\"200\" srcset=\"https:\/\/seniorenverein-schwarzenberg.ch\/wp-content\/uploads\/2025\/05\/bs-300x200.jpg 300w, https:\/\/seniorenverein-schwarzenberg.ch\/wp-content\/uploads\/2025\/05\/bs.jpg 640w\" sizes=\"auto, (max-width: 300px) 100vw, 300px\" \/><\/td>\n<\/tr>\n<tr style=\"height: 26px;\">\n<td style=\"width: 65.996909%; vertical-align: top; height: 26px;\"><span style=\"color: #000000;\"><strong> Spaziergang<\/strong><br \/>\n<em>Dienstag, 6. Mai 2025<\/em><br \/>\nTreffpunkt: 13.30 Uhr PP R\u00f6ssli<br \/>\nAuch Nichtmitglieder sind herzlich willkommen!<\/span><\/td>\n<td style=\"width: 33.848532%; vertical-align: top; text-align: center; height: 26px;\"><img loading=\"lazy\" decoding=\"async\" class=\"alignnone size-full wp-image-637\" src=\"https:\/\/seniorenverein-schwarzenberg.ch\/wp-content\/uploads\/2023\/06\/bank.jpeg\" alt=\"\" width=\"300\" height=\"221\"><\/td>\n<\/tr>\n<tr style=\"height: 232px;\">\n<td style=\"width: 65.996909%; vertical-align: top; height: 150px;\"><strong><span style=\"color: #000000;\"><b>Halbtageswanderung<br \/>\n<em>Dienstag, 29. April 2025<\/em><br \/>\n<\/b><\/span><\/strong><\/p>\n<div class=\"page\" title=\"Page 11\">\n<div class=\"section\">\n<div class=\"layoutArea\">\n<div class=\"column\">\n<p>Treffpunkt: 13.00 Uhr, PP Ro\u0308ssli<br \/>\nVerkehrsmittel: Privatauto (Buholz)<br \/>\nWanderroute: Buholz \u2013 Galgenbergwald \u2013<br \/>\nH\u00fcgihof \u2013 Seehof \u2013 Soppensee \u2013 D\u00fcnnhirs \u2013 Buholz<br \/>\nWanderzeit: ca. 2 Std. \/ H\u00f6hendifferenz ca. 100 m<br \/>\nWanderleitung: Doris Reck<\/p>\n<\/div>\n<\/div>\n<\/div>\n<\/div>\n<\/td>\n<td style=\"width: 33.848532%; vertical-align: top; text-align: center; height: 150px;\"><img loading=\"lazy\" decoding=\"async\" class=\"alignnone size-medium wp-image-1035\" src=\"https:\/\/seniorenverein-schwarzenberg.ch\/wp-content\/uploads\/2025\/05\/sose-2-300x185.jpg\" alt=\"\" width=\"300\" height=\"185\" srcset=\"https:\/\/seniorenverein-schwarzenberg.ch\/wp-content\/uploads\/2025\/05\/sose-2-300x185.jpg 300w, https:\/\/seniorenverein-schwarzenberg.ch\/wp-content\/uploads\/2025\/05\/sose-2-1024x632.jpg 1024w, https:\/\/seniorenverein-schwarzenberg.ch\/wp-content\/uploads\/2025\/05\/sose-2-768x474.jpg 768w, https:\/\/seniorenverein-schwarzenberg.ch\/wp-content\/uploads\/2025\/05\/sose-2.jpg 1460w\" sizes=\"auto, (max-width: 300px) 100vw, 300px\" \/><br \/>\n<img><a href=\"https:\/\/seniorenverein-schwarzenberg.ch\/wp-content\/uploads\/2025\/05\/Rundwanderung-Soppensee-Info.pdf\">Weitere Infos (PDF)<\/a><br \/>\n<a href=\"https:\/\/seniorenverein-schwarzenberg.ch\/index.php\/fotoalbum\/\">Fotos von unterwegs<\/a><\/td>\n<\/tr>\n<tr style=\"height: 145px;\">\n<td style=\"width: 65.996909%; vertical-align: top; height: 145px;\"><strong><span style=\"color: #000000;\"><b>Jass- und Spielnachmittag<br \/>\n<\/b><\/span><\/strong><span style=\"color: #000000;\"><em>Donnerstag, 10. April 2025<\/em><\/span><span style=\"color: #000000;\"><br \/>\nTreffpunkt: 13.30 Uhr im Restaurant Kreuz<br \/>\nEs kann auch&nbsp; gespielt werden (z. B. Br\u00e4ndi Dog, Uno, usw.)<\/span><\/td>\n<td style=\"width: 33.848532%; vertical-align: top; text-align: center; height: 145px;\"><img loading=\"lazy\" decoding=\"async\" class=\"alignnone size-full wp-image-544\" src=\"https:\/\/seniorenverein-schwarzenberg.ch\/wp-content\/uploads\/2023\/02\/jassen-spielen-senioren.jpg\" alt=\"\" width=\"300\" height=\"200\"><\/td>\n<\/tr>\n<tr style=\"height: 159px;\">\n<td style=\"width: 65.996909%; vertical-align: top; height: 159px;\"><strong><span style=\"color: #000000;\"><b>Spaziergang<br \/>\n<\/b><\/span><\/strong><span style=\"color: #000000;\"><em>Dienstag, 1. April 2025<\/em><\/span><span style=\"color: #000000;\"><br \/>\nTreffpunkt: 13.30 Uhr PP R\u00f6ssli<br \/>\nAuch Nichtmitglieder sind herzlich willkommen!<\/span><\/td>\n<td style=\"width: 33.848532%; vertical-align: top; text-align: center; height: 159px;\"><img loading=\"lazy\" decoding=\"async\" class=\"alignnone size-full wp-image-637\" src=\"https:\/\/seniorenverein-schwarzenberg.ch\/wp-content\/uploads\/2023\/06\/bank.jpeg\" alt=\"\" width=\"300\" height=\"221\"><\/td>\n<\/tr>\n<tr style=\"height: 258px;\">\n<td style=\"width: 65.996909%; vertical-align: top; height: 258px;\"><strong><span style=\"color: #000000;\"><b>Halbtageswanderung<br \/>\n<\/b><\/span><\/strong><span style=\"color: #000000;\"><em>Dienstag, 25. M\u00e4rz 2025<\/em><\/span><strong><span style=\"color: #000000;\"><b><br \/>\n<\/b><\/span><\/strong><\/p>\n<div class=\"page\" title=\"Page 11\">\n<div class=\"section\">\n<div class=\"layoutArea\">\n<div class=\"column\">\n<p>Treffpunkt: 13.00 Uhr, PP Ro\u0308ssli<br \/>\nWanderroute: Malters\u2013Eihalde\u2013 Ammergehrigen\u2013Buechenhalde\u2013 Scho\u0308nebode\u2013Malters<br \/>\nWanderzeit: ca. 2 Std. (Ho\u0308hendifferenz: 72 m)<br \/>\nVerkehrsmittel: Privatauto (Parkplatz an der Emme Malters)<br \/>\nWanderleitung: Leo Ro\u0308o\u0308sli<\/p>\n<\/div>\n<\/div>\n<\/div>\n<\/div>\n<\/td>\n<td style=\"width: 33.848532%; vertical-align: top; text-align: center; height: 258px;\"><img loading=\"lazy\" decoding=\"async\" class=\"alignnone size-medium wp-image-1021\" src=\"https:\/\/seniorenverein-schwarzenberg.ch\/wp-content\/uploads\/2025\/03\/bwr25-300x200.jpg\" alt=\"\" width=\"300\" height=\"200\" srcset=\"https:\/\/seniorenverein-schwarzenberg.ch\/wp-content\/uploads\/2025\/03\/bwr25-300x200.jpg 300w, https:\/\/seniorenverein-schwarzenberg.ch\/wp-content\/uploads\/2025\/03\/bwr25.jpg 640w\" sizes=\"auto, (max-width: 300px) 100vw, 300px\" \/><a href=\"https:\/\/seniorenverein-schwarzenberg.ch\/index.php\/fotoalbum\/\">Ein paar Bilder<\/a><\/td>\n<\/tr>\n<tr style=\"height: 145px;\">\n<td style=\"width: 65.996909%; vertical-align: top; height: 145px;\"><strong><span style=\"color: #000000;\"><b>Jass- und Spielnachmittag<br \/>\n<\/b><\/span><\/strong><span style=\"color: #000000;\"><em>Donnerstag, 13. M\u00e4rz 2025<\/em><\/span><span style=\"color: #000000;\"><br \/>\nTreffpunkt: 13.30 Uhr im Restaurant Kreuz<br \/>\nEs kann auch&nbsp; gespielt werden (z. B. Br\u00e4ndi Dog, Uno, usw.)<\/span><\/td>\n<td style=\"width: 33.848532%; vertical-align: top; text-align: center; height: 145px;\"><img loading=\"lazy\" decoding=\"async\" class=\"alignnone size-full wp-image-544\" src=\"https:\/\/seniorenverein-schwarzenberg.ch\/wp-content\/uploads\/2023\/02\/jassen-spielen-senioren.jpg\" alt=\"\" width=\"300\" height=\"200\"><\/td>\n<\/tr>\n<tr style=\"height: 312px;\">\n<td style=\"width: 65.996909%; vertical-align: top; height: 312px;\"><strong><span style=\"color: #000000;\">Wandern\/Schneeschuhlaufen Wirzweli<br \/>\n<\/span><\/strong><span style=\"color: #000000;\"><em>Dienstag, 25. Februar 2025<\/em><br \/>\nTreffpunkt: 10.00 Uhr PP R\u00f6ssli<br \/>\n<\/span><span style=\"font-family: inherit; font-size: inherit;\">Route: Wanderung oder Schneeschuhtour (L\u00e4nge kann je nach Wetter, &nbsp;Schneeverh\u00e4ltnissen und Kondition variiert werden).<br \/>\nVerpflegung: aus dem Rucksack oder im Restaurant.<br \/>\nVerkehrsmittel: Privatautos bis Dallenwil, Luftseilbahn Wirzweli, (falls vorhanden, Halbtax mitnehmen). Wanderleitung: Doris Reck und Margrit Bienz.<br \/>\nInfos: Doris Reck, Tel. 041 497 21 55.<br \/>\n<a href=\"https:\/\/seniorenverein-schwarzenberg.ch\/index.php\/fotoalbum\/\"><span style=\"color: #000000;\">Zu den Fotos<\/span><\/a><br \/>\n<\/span><\/td>\n<td style=\"width: 33.848532%; vertical-align: top; text-align: center; height: 312px;\"><img loading=\"lazy\" decoding=\"async\" class=\"alignnone size-full wp-image-1001\" src=\"https:\/\/seniorenverein-schwarzenberg.ch\/wp-content\/uploads\/2025\/02\/wirzweli.jpg\" alt=\"\" width=\"300\" height=\"225\"><a href=\"https:\/\/seniorenverein-schwarzenberg.ch\/wp-content\/uploads\/2025\/02\/Wanderung-Schneeschuhtour-Wirzweli-.pdf\" target=\"_blank\" rel=\"noopener\">Weitere Infos (PDF)<\/a><\/td>\n<\/tr>\n<tr style=\"height: 144px;\">\n<td style=\"width: 65.996909%; vertical-align: top; height: 144px;\"><strong>GV und Mittagessen<\/strong><br \/>\n<em>Donnerstag, 6. Februar 2025<\/em><br \/>\nTreffpunkt: 11.00 Uhr im Hotel Kreuz<strong><span style=\"color: #000000;\"><br \/>\n<\/span><\/strong><\/td>\n<td style=\"width: 33.848532%; vertical-align: top; text-align: center; height: 144px;\"><img loading=\"lazy\" decoding=\"async\" class=\"alignnone size-medium wp-image-762\" src=\"https:\/\/seniorenverein-schwarzenberg.ch\/wp-content\/uploads\/2024\/01\/gv.jpg\" alt=\"\" width=\"300\" height=\"199\"><\/td>\n<\/tr>\n<tr style=\"height: 145px;\">\n<td style=\"width: 65.996909%; vertical-align: top; height: 145px;\"><strong><span style=\"color: #000000;\">Wandern\/Schneeschuhlaufen<br \/>\n<\/span><\/strong><span style=\"color: #000000;\"><em>Dienstag, 21. Januar 2025<\/em><br \/>\nTreffpunkt: 13.00 Uhr PP R\u00f6ssli<br \/>\n<\/span><a href=\"https:\/\/seniorenverein-schwarzenberg.ch\/index.php\/fotoalbum\/\"><span style=\"color: #000000;\">Zu den Fotos<\/span><\/a><\/td>\n<td style=\"width: 33.848532%; vertical-align: top; text-align: center; height: 145px;\"><img loading=\"lazy\" decoding=\"async\" class=\"alignnone size-full wp-image-761\" src=\"https:\/\/seniorenverein-schwarzenberg.ch\/wp-content\/uploads\/2024\/01\/IMG_4016.jpeg\" alt=\"\" width=\"300\" height=\"200\"><\/td>\n<\/tr>\n<tr style=\"height: 145px;\">\n<td style=\"width: 65.996909%; vertical-align: top; height: 145px;\"><strong><span style=\"color: #000000;\"><b>Jass- und Spielnachmittag<br \/>\n<\/b><\/span><\/strong><span style=\"color: #000000;\"><em>Donnerstag, 9. Januar 2025<\/em><\/span><span style=\"color: #000000;\"><br \/>\nTreffpunkt: 13.30 Uhr im Restaurant Kreuz<br \/>\nEs kann auch&nbsp; gespielt werden (z. B. Br\u00e4ndi Dog, Uno, usw.)<\/span><\/td>\n<td style=\"width: 33.848532%; vertical-align: top; text-align: center; height: 145px;\"><img loading=\"lazy\" decoding=\"async\" class=\"alignnone size-full wp-image-544\" src=\"https:\/\/seniorenverein-schwarzenberg.ch\/wp-content\/uploads\/2023\/02\/jassen-spielen-senioren.jpg\" alt=\"\" width=\"300\" height=\"200\"><\/td>\n<\/tr>\n<tr style=\"height: 145px;\">\n<td style=\"width: 65.996909%; vertical-align: top; height: 145px;\"><strong><span style=\"color: #000000;\"><b>Jass- und Spielnachmittag<br \/>\n<\/b><\/span><\/strong><span style=\"color: #000000;\"><em>Donnerstag, 12. Dezember 2024<\/em><\/span><span style=\"color: #000000;\"><br \/>\nTreffpunkt: 13.00 Uhr im Restaurant Kreuz<br \/>\nEs kann auch&nbsp; gespielt werden (z. B. Br\u00e4ndi Dog, Uno, usw.)<\/span><\/td>\n<td style=\"width: 33.848532%; vertical-align: top; text-align: center; height: 145px;\"><img loading=\"lazy\" decoding=\"async\" class=\"alignnone size-full wp-image-544\" src=\"https:\/\/seniorenverein-schwarzenberg.ch\/wp-content\/uploads\/2023\/02\/jassen-spielen-senioren.jpg\" alt=\"\" width=\"300\" height=\"200\"><\/td>\n<\/tr>\n<tr style=\"height: 145px;\">\n<td style=\"width: 65.996909%; vertical-align: top; height: 145px;\"><strong><span style=\"color: #000000;\">Chlaush\u00f6ck in der Langerlen<br \/>\n<\/span><\/strong><span style=\"color: #000000;\"><em>Dienstag, 26. November 2024<\/em><\/span><span style=\"color: #000000;\"><br \/>\nTreffpunkt: 13.00 Uhr Parkplatz R\u00f6ssli<\/span><span style=\"color: #000000;\"><b><strong><br \/>\n<\/strong><\/b><\/span><\/td>\n<td style=\"width: 33.848532%; vertical-align: top; text-align: center; height: 145px;\"><img loading=\"lazy\" decoding=\"async\" class=\"alignnone size-full wp-image-752\" src=\"https:\/\/seniorenverein-schwarzenberg.ch\/wp-content\/uploads\/2023\/11\/nikolaus.jpg\" alt=\"\" width=\"300\" height=\"200\"><\/td>\n<\/tr>\n<tr style=\"height: 145px;\">\n<td style=\"width: 65.996909%; vertical-align: top; height: 145px;\"><span style=\"color: #000000;\"><b><strong>Jass- und Spielnachmittag<br \/>\n<\/strong><\/b><em>Donnerstag, 7. November 2024<\/em><br \/>\nTreffpunkt: 13.00 Uhr im Restaurant Kreuz<br \/>\nEs kann auch&nbsp; gespielt werden (z. B. Br\u00e4ndi Dog, Uno, usw.)<\/span><span style=\"color: #000000;\"><strong><br \/>\n<\/strong><\/span><\/td>\n<td style=\"width: 33.848532%; vertical-align: top; text-align: center; height: 145px;\"><img loading=\"lazy\" decoding=\"async\" class=\"alignnone size-full wp-image-544\" src=\"https:\/\/seniorenverein-schwarzenberg.ch\/wp-content\/uploads\/2023\/02\/jassen-spielen-senioren.jpg\" alt=\"\" width=\"300\" height=\"200\"><\/td>\n<\/tr>\n<tr style=\"height: 162px;\">\n<td style=\"width: 65.996909%; vertical-align: top; height: 162px;\"><span style=\"color: #000000;\"><strong>Alternative: Ch\u00e4rnwald<br \/>\n<\/strong>Auf R\u00e4uberpfaden durch den Ch\u00e4rnwald.<br \/>\n<a href=\"https:\/\/seniorenverein-schwarzenberg.ch\/index.php\/fotoalbum\/\">Ein paar Bilder<\/a><\/span><\/td>\n<td style=\"width: 33.848532%; vertical-align: top; text-align: center; height: 162px;\"><img loading=\"lazy\" decoding=\"async\" class=\"alignnone size-medium wp-image-954\" src=\"https:\/\/seniorenverein-schwarzenberg.ch\/wp-content\/uploads\/2024\/10\/IMG_6133-300x225.jpeg\" alt=\"\" width=\"300\" height=\"225\" srcset=\"https:\/\/seniorenverein-schwarzenberg.ch\/wp-content\/uploads\/2024\/10\/IMG_6133-300x225.jpeg 300w, https:\/\/seniorenverein-schwarzenberg.ch\/wp-content\/uploads\/2024\/10\/IMG_6133-768x576.jpeg 768w, https:\/\/seniorenverein-schwarzenberg.ch\/wp-content\/uploads\/2024\/10\/IMG_6133.jpeg 1024w\" sizes=\"auto, (max-width: 300px) 100vw, 300px\" \/><\/td>\n<\/tr>\n<tr style=\"height: 398px;\">\n<td style=\"width: 65.996909%; vertical-align: top; height: 398px;\">Verschoben wegen N\u00e4sse!<br \/>\n<b style=\"color: #000000; font-family: inherit; font-size: inherit;\"><strong>Halbtageswanderung ins Drachenried<br \/>\n<\/strong><\/b><em style=\"color: #000000; font-family: inherit; font-size: inherit;\">Dienstag, 22. Oktober 2024<br \/>\n<\/em><span style=\"color: #000000; font-family: inherit; font-size: inherit;\">Treffpunkt: 12.30 Uhr, PP R\u00f6ssli<br \/>\n<\/span><span style=\"color: #000000; font-family: inherit; font-size: inherit;\">Verkehrsmittel: Auto bis PP Schulhaus Morgenstern Ennetmoos<br \/>\n<\/span><span style=\"color: #000000; font-family: inherit; font-size: inherit;\">Wanderroute: Allweg \u2013 Hinterbach \u2013 Rohren \u2013 Murmatt \u2013 Allweg (auch eine k\u00fcrzere Variante ist m\u00f6glich)<br \/>\n<\/span><span style=\"color: #000000; font-family: inherit; font-size: inherit;\">Wanderzeit: ca. 2\u00bd Stunden (H\u00f6hendifferenz: 152 Hm)<br \/>\n<\/span><span style=\"color: #000000; font-family: inherit; font-size: inherit;\">Ausr\u00fcstung: gutes Schuhwerk\/ Regenschutz<br \/>\n<\/span><span style=\"color: #000000; font-family: inherit; font-size: inherit;\">Wanderleiter: Pius Fuchs<\/span><\/td>\n<td style=\"width: 33.848532%; vertical-align: top; text-align: center; height: 398px;\">&nbsp;<\/p>\n<p><img loading=\"lazy\" decoding=\"async\" class=\" wp-image-747 aligncenter\" src=\"https:\/\/seniorenverein-schwarzenberg.ch\/wp-content\/uploads\/2023\/10\/animal-1296453_640-169x300.png\" alt=\"\" width=\"99\" height=\"175\" srcset=\"https:\/\/seniorenverein-schwarzenberg.ch\/wp-content\/uploads\/2023\/10\/animal-1296453_640-169x300.png 169w, https:\/\/seniorenverein-schwarzenberg.ch\/wp-content\/uploads\/2023\/10\/animal-1296453_640.png 361w\" sizes=\"auto, (max-width: 99px) 100vw, 99px\" \/><br \/>\n<a href=\"https:\/\/www.ennetmoos.ch\/_docn\/3755344\/Broschuere_Kulturweg_Drachenried.pdf\" target=\"_blank\" rel=\"noopener\">Brosch\u00fcre Kulturweg Drachenried<\/a><\/td>\n<\/tr>\n<tr style=\"height: 26px;\">\n<td style=\"width: 65.996909%; vertical-align: top; height: 26px;\"><span style=\"color: #000000;\"><b><strong>Jass- und Spielnachmittag<br \/>\n<\/strong><\/b><em>Donnerstag, 10. Oktober 2024<\/em><br \/>\nTreffpunkt: 13.00 Uhr im Restaurant Kreuz<br \/>\nEs kann auch&nbsp; gespielt werden (z. B. Br\u00e4ndi Dog, Uno, usw.)<\/span><\/td>\n<td style=\"width: 33.848532%; vertical-align: top; text-align: center; height: 26px;\"><img loading=\"lazy\" decoding=\"async\" class=\"alignnone size-full wp-image-544\" src=\"https:\/\/seniorenverein-schwarzenberg.ch\/wp-content\/uploads\/2023\/02\/jassen-spielen-senioren.jpg\" alt=\"\" width=\"300\" height=\"200\"><\/td>\n<\/tr>\n<tr style=\"height: 26px;\">\n<td style=\"width: 65.996909%; vertical-align: top; height: 26px;\"><span style=\"color: #000000;\"><b><strong>Spaziergang<br \/>\n<\/strong><\/b><em>Dienstag, 1. Oktober 2024<\/em><br \/>\nTreffpunkt: 13.30 Uhr PP R\u00f6ssli<br \/>\nAuch Nichtmitglieder sind herzlich willkommen!<\/span><\/td>\n<td style=\"width: 33.848532%; vertical-align: top; text-align: center; height: 26px;\"><img loading=\"lazy\" decoding=\"async\" class=\"alignnone size-full wp-image-637\" src=\"https:\/\/seniorenverein-schwarzenberg.ch\/wp-content\/uploads\/2023\/06\/bank.jpeg\" alt=\"\" width=\"300\" height=\"221\"><\/td>\n<\/tr>\n<tr style=\"height: 185px;\">\n<td style=\"width: 65.996909%; vertical-align: top; height: 185px;\"><span style=\"color: #000000;\"><b><strong>Halbtageswanderung in Schwarzenberg<br \/>\n<\/strong><\/b><em>Dienstag, 24. September 2024<\/em><b><strong><br \/>\n<\/strong><\/b>Treffpunkt: 13.00 Uhr, PP R\u00f6ssli<br \/>\nWanderroute: Boden \u2013 Vogelwald \u2013 Untersitten \u2013 Gr\u00e4f \u2013 Dorf Schwarzenberg.<br \/>\nWanderzeit: ca. 2\u00bd Std.<br \/>\nWanderleitung: Leo R\u00f6\u00f6sli<b><strong><br \/>\n<\/strong><\/b><\/span><\/td>\n<td style=\"width: 33.848532%; vertical-align: top; text-align: center; height: 185px;\"><img loading=\"lazy\" decoding=\"async\" class=\"alignnone size-medium wp-image-932\" src=\"https:\/\/seniorenverein-schwarzenberg.ch\/wp-content\/uploads\/2024\/09\/1CB62C95-16B4-4944-B0BF-7EEDE4A87382_1_201_a-300x200.jpeg\" alt=\"\" width=\"300\" height=\"200\" srcset=\"https:\/\/seniorenverein-schwarzenberg.ch\/wp-content\/uploads\/2024\/09\/1CB62C95-16B4-4944-B0BF-7EEDE4A87382_1_201_a-300x200.jpeg 300w, https:\/\/seniorenverein-schwarzenberg.ch\/wp-content\/uploads\/2024\/09\/1CB62C95-16B4-4944-B0BF-7EEDE4A87382_1_201_a-1024x683.jpeg 1024w, https:\/\/seniorenverein-schwarzenberg.ch\/wp-content\/uploads\/2024\/09\/1CB62C95-16B4-4944-B0BF-7EEDE4A87382_1_201_a-768x512.jpeg 768w, https:\/\/seniorenverein-schwarzenberg.ch\/wp-content\/uploads\/2024\/09\/1CB62C95-16B4-4944-B0BF-7EEDE4A87382_1_201_a-1536x1024.jpeg 1536w, https:\/\/seniorenverein-schwarzenberg.ch\/wp-content\/uploads\/2024\/09\/1CB62C95-16B4-4944-B0BF-7EEDE4A87382_1_201_a-2048x1365.jpeg 2048w\" sizes=\"auto, (max-width: 300px) 100vw, 300px\" \/><\/td>\n<\/tr>\n<tr style=\"height: 144px;\">\n<td style=\"width: 65.996909%; vertical-align: top; height: 144px;\"><span style=\"color: #000000;\"><b><strong>Essen, Jassen, Spielen<br \/>\n<\/strong><\/b><em>Donnerstag, 12. September 2024<\/em><br \/>\nTreffpunkt: 11.30 Uhr im Restaurant Kreuz<\/span>&nbsp;<\/td>\n<td style=\"width: 33.848532%; vertical-align: top; text-align: center; height: 144px;\"><img loading=\"lazy\" decoding=\"async\" class=\"alignnone size-full wp-image-544\" src=\"https:\/\/seniorenverein-schwarzenberg.ch\/wp-content\/uploads\/2023\/02\/jassen-spielen-senioren.jpg\" alt=\"\" width=\"300\" height=\"200\"><\/td>\n<\/tr>\n<tr style=\"height: 158px;\">\n<td style=\"width: 65.996909%; vertical-align: top; height: 158px;\"><span style=\"color: #000000;\"><b><strong>Spaziergang<br \/>\n<\/strong><\/b><em>Dienstag, 3. September 2024<\/em><br \/>\nTreffpunkt: 13.30 Uhr PP R\u00f6ssli<br \/>\nAuch Nichtmitglieder sind herzlich willkommen!<\/span><\/td>\n<td style=\"width: 33.848532%; vertical-align: top; text-align: center; height: 158px;\"><img loading=\"lazy\" decoding=\"async\" class=\"alignnone size-full wp-image-637\" src=\"https:\/\/seniorenverein-schwarzenberg.ch\/wp-content\/uploads\/2023\/06\/bank.jpeg\" alt=\"\" width=\"300\" height=\"221\"><\/td>\n<\/tr>\n<tr style=\"height: 531px;\">\n<td style=\"width: 65.996909%; vertical-align: top; height: 531px;\"><span style=\"color: #000000;\"><b><strong>Tageswanderung<br \/>\n<\/strong><\/b><em>Dienstag, 27. August 2024<\/em><b><strong><br \/>\n<\/strong><\/b>Wanderroute: Wagliseiboden \u2013 Schneebergli \u2013 Unterer Hirschschwendiberg \u2013 Kemmeribodenbad \u2013 Grillplatz \u2013 Ch\u00fcblisb\u00fcel \u2013 Schneebergli \u2013 Wagliseiboden<br \/>\nTreffpunkt: 08.30 Uhr, PP R\u00f6ssli<br \/>\nDistanz\/Wanderzeit: 12,6 km\/ ca. 4\u00bc Stunden H\u00f6henmeter: 424 m<br \/>\nVerpflegung: Aus dem Rucksack<br \/>\n(Kaffeehalt beim Kemmeribodenbad, Mittagspause beim Grillplatz)<br \/>\nAusr\u00fcstung: gute Wanderschuhe\/ Wanderst\u00f6cke\/Regenschutz<br \/>\nVerkehrsmittel: Privatautos bis zum PP Wagliseiboden Wanderleiter: Pius Fuchs, 041 340 22 46<br \/>\nBemerkung: Wir wandern vom Gebiet der Schrattenfluh ins \u00abZentrum der Nidle und Meringues\u00bb und kehren \u00fcber interessante Alpwege wieder zur\u00fcck zum Ausgangspunkt. Eine verk\u00fcrzte Wanderung zwischen Kemmeribodenbad und dem Grillplatz ist m\u00f6glich.<\/span><\/td>\n<td style=\"width: 33.848532%; vertical-align: top; text-align: center; height: 531px;\"><img loading=\"lazy\" decoding=\"async\" class=\"alignnone size-full wp-image-909\" src=\"https:\/\/seniorenverein-schwarzenberg.ch\/wp-content\/uploads\/2024\/08\/aug-1.jpg\" alt=\"\" width=\"221\" height=\"300\"> <img loading=\"lazy\" decoding=\"async\" class=\"alignnone size-medium wp-image-910\" src=\"https:\/\/seniorenverein-schwarzenberg.ch\/wp-content\/uploads\/2024\/08\/aug-2.jpg\" alt=\"\" width=\"300\" height=\"225\">&nbsp;<\/td>\n<\/tr>\n<tr style=\"height: 26px;\">\n<td style=\"width: 65.996909%; vertical-align: top; height: 26px;\"><span style=\"color: #000000;\"><b><strong>Jass- und Spielnachmittag<br \/>\n<\/strong><\/b><em>Donnerstag, 8. August 2024<\/em><br \/>\nTreffpunkt: 13.00 Uhr im Restaurant Kreuz<br \/>\nEs kann auch&nbsp; gespielt werden (z. B. Br\u00e4ndi Dog, Uno, usw.)<\/span><\/td>\n<td style=\"width: 33.848532%; vertical-align: top; text-align: center; height: 26px;\"><img loading=\"lazy\" decoding=\"async\" class=\"alignnone size-full wp-image-544\" src=\"https:\/\/seniorenverein-schwarzenberg.ch\/wp-content\/uploads\/2023\/02\/jassen-spielen-senioren.jpg\" alt=\"\" width=\"300\" height=\"200\"><\/td>\n<\/tr>\n<tr style=\"height: 158px;\">\n<td style=\"width: 65.996909%; vertical-align: top; height: 158px;\"><span style=\"color: #000000;\"><b><strong>Spaziergang<br \/>\n<\/strong><\/b><em>Dienstag, 6. August 2024<\/em><br \/>\nTreffpunkt: 13.30 Uhr PP R\u00f6ssli<br \/>\nAuch Nichtmitglieder sind herzlich willkommen!<\/span><\/td>\n<td style=\"width: 33.848532%; vertical-align: top; text-align: center; height: 158px;\"><img loading=\"lazy\" decoding=\"async\" class=\"alignnone size-full wp-image-637\" src=\"https:\/\/seniorenverein-schwarzenberg.ch\/wp-content\/uploads\/2023\/06\/bank.jpeg\" alt=\"\" width=\"300\" height=\"221\"><\/td>\n<\/tr>\n<tr style=\"height: 26px;\">\n<td style=\"width: 65.996909%; vertical-align: top; height: 26px;\"><span style=\"color: #000000;\"><b><strong>Tageswanderung<br \/>\n<\/strong><\/b><em>Dienstag, 23. Juli 2024<\/em><br \/>\nTreffpunkt: 07.40 Uhr, PP R\u00f6ssli<br \/>\nMit \u00d6V ab Schwarzenberg (R\u00f6ssli ab 07.49 Uhr) nach Finsterwald (Kirche).<br \/>\nKosten: Fr. 7.80 \/ mit Halbtax Fr. 4.30<br \/>\nWanderroute: Finsterwald \u2013 Wissenegg \u2013 Riseteloch \u2013 B\u00e4renm\u00f6sli \u2013 Feldimoos \u2013 Schwarzenberg Distanz\/Wanderzeit:<br \/>\n&#8211; Finsterwald \u2013 Feldimoos: 8,6 km \/ ca. 2\u00be Std<br \/>\n&#8211; Finsterwald \u2013 Schwarzenberg: 13,6 km \/ ca. 5 Std.<br \/>\nH\u00f6henmeter:<br \/>\n&#8211; bis Feldimoos 275 m \/ 173 m<br \/>\n&#8211; bis Schwarzenberg 390 m \/ 625 m<br \/>\nVerpflegung: aus dem Rucksack<br \/>\nAusr\u00fcstung:<br \/>\nGute Wanderschuhe, Wanderst\u00f6cke und Regenschutz<br \/>\nWir wandern gem\u00fctlich auf alten und neuen Wegen von Finsterwald zur\u00fcck nach Schwarzenberg.<br \/>\nM\u00f6glichkeit f\u00fcr R\u00fccktransport ab Feldlimoosboden<br \/>\nWanderleiter: Pius Fuchs<br \/>\n<a href=\"https:\/\/seniorenverein-schwarzenberg.ch\/index.php\/fotoalbum\/\">Zu den Bildern<\/a><br \/>\n<\/span><\/td>\n<td style=\"width: 33.848532%; vertical-align: top; text-align: center; height: 26px;\"><img loading=\"lazy\" decoding=\"async\" class=\"alignnone size-full wp-image-672\" src=\"https:\/\/seniorenverein-schwarzenberg.ch\/wp-content\/uploads\/2023\/07\/IMG_3127.jpeg\" alt=\"\" width=\"225\" height=\"300\"><br \/>\n<img loading=\"lazy\" decoding=\"async\" class=\"alignnone size-medium wp-image-889\" src=\"https:\/\/seniorenverein-schwarzenberg.ch\/wp-content\/uploads\/2024\/06\/IMG_6828-225x300.jpg\" alt=\"\" width=\"225\" height=\"300\" srcset=\"https:\/\/seniorenverein-schwarzenberg.ch\/wp-content\/uploads\/2024\/06\/IMG_6828-225x300.jpg 225w, https:\/\/seniorenverein-schwarzenberg.ch\/wp-content\/uploads\/2024\/06\/IMG_6828.jpg 675w\" sizes=\"auto, (max-width: 225px) 100vw, 225px\" \/><\/td>\n<\/tr>\n<tr style=\"height: 26px;\">\n<td style=\"width: 65.996909%; vertical-align: top; height: 26px;\"><span style=\"color: #000000;\"><b><strong>Jass- und Spielnachmittag<br \/>\n<\/strong><\/b><em>Donnerstag, 11. Juli 2024<\/em><br \/>\nTreffpunkt: 13.00 Uhr im Restaurant R\u00f6ssli<br \/>\nEs kann auch&nbsp; gespielt werden (z. B. Br\u00e4ndi Dog, Uno, usw.)<\/span><\/td>\n<td style=\"width: 33.848532%; vertical-align: top; text-align: center; height: 26px;\"><img loading=\"lazy\" decoding=\"async\" class=\"alignnone size-full wp-image-544\" src=\"https:\/\/seniorenverein-schwarzenberg.ch\/wp-content\/uploads\/2023\/02\/jassen-spielen-senioren.jpg\" alt=\"\" width=\"300\" height=\"200\"><\/td>\n<\/tr>\n<tr style=\"height: 158px;\">\n<td style=\"width: 65.996909%; vertical-align: top; height: 158px;\"><span style=\"color: #000000;\"><b><strong>Spaziergang<br \/>\n<\/strong><\/b><em>Dienstag, 2. Juli 2024<\/em><br \/>\nTreffpunkt: 13.30 Uhr PP R\u00f6ssli<br \/>\nAuch Nichtmitglieder sind herzlich willkommen!<\/span><\/td>\n<td style=\"width: 33.848532%; vertical-align: top; text-align: center; height: 158px;\"><img loading=\"lazy\" decoding=\"async\" class=\"alignnone size-full wp-image-637\" src=\"https:\/\/seniorenverein-schwarzenberg.ch\/wp-content\/uploads\/2023\/06\/bank.jpeg\" alt=\"\" width=\"300\" height=\"221\"><\/td>\n<\/tr>\n<tr style=\"height: 288px;\">\n<td style=\"width: 65.996909%; vertical-align: top; height: 288px;\"><span style=\"color: #000000;\"><b><strong>Tageswanderung<br \/>\n<\/strong><\/b><em>Dienstag, 25. Juni 2024<\/em><\/span><br \/>\nTreffpunkt: 09.00 Uhr, PP R\u00f6ssli<br \/>\nWanderroute: Gantersei\u2013Oberhonegg\u2013Rosenboden\u2013Gumm\u2013 Oberpfifferswald\u2013Schw\u00e4ndeli\u2013 Gantersei. Wanderzeit: 4 Std. H\u00f6hendifferenz: 440 m Wanderbekleidung: gute Wanderschuhe;<br \/>\nVerpflegung: aus dem Rucksack<br \/>\nVerkehrsmittel: Privatautos bis Gantersei<br \/>\nWanderleitung: Leo R\u00f6\u00f6sli<span style=\"color: #000000;\"><b><strong><br \/>\n<\/strong><\/b><\/span><\/td>\n<td style=\"width: 33.848532%; vertical-align: top; text-align: center; height: 288px;\"><img loading=\"lazy\" decoding=\"async\" class=\"alignnone size-medium wp-image-864\" src=\"https:\/\/seniorenverein-schwarzenberg.ch\/wp-content\/uploads\/2024\/06\/IMG_2985-300x200.jpeg\" alt=\"\" width=\"300\" height=\"200\" srcset=\"https:\/\/seniorenverein-schwarzenberg.ch\/wp-content\/uploads\/2024\/06\/IMG_2985-300x200.jpeg 300w, https:\/\/seniorenverein-schwarzenberg.ch\/wp-content\/uploads\/2024\/06\/IMG_2985.jpeg 400w\" sizes=\"auto, (max-width: 300px) 100vw, 300px\" \/><img loading=\"lazy\" decoding=\"async\" class=\"alignnone size-medium wp-image-862\" src=\"https:\/\/seniorenverein-schwarzenberg.ch\/wp-content\/uploads\/2024\/06\/IMG_2121-300x200.jpg\" alt=\"\" width=\"300\" height=\"200\" srcset=\"https:\/\/seniorenverein-schwarzenberg.ch\/wp-content\/uploads\/2024\/06\/IMG_2121-300x200.jpg 300w, https:\/\/seniorenverein-schwarzenberg.ch\/wp-content\/uploads\/2024\/06\/IMG_2121-1024x684.jpg 1024w, https:\/\/seniorenverein-schwarzenberg.ch\/wp-content\/uploads\/2024\/06\/IMG_2121-768x513.jpg 768w, https:\/\/seniorenverein-schwarzenberg.ch\/wp-content\/uploads\/2024\/06\/IMG_2121.jpg 1200w\" sizes=\"auto, (max-width: 300px) 100vw, 300px\" \/><\/td>\n<\/tr>\n<tr style=\"height: 150px;\">\n<td style=\"width: 65.996909%; vertical-align: top; height: 150px;\"><span style=\"color: #000000;\"><b><strong>Vereinsausflug<br \/>\n<\/strong><\/b><em>Donnerstag, 20. Juni 2024<br \/>\n<\/em>Der diesj\u00e4hrige Vereinsausflug f\u00fchrt auf den Weissenstein bei Solothurn. Eine Einladung wurde an alle Vereinsmitglieder verschickt.<\/span><\/td>\n<td style=\"width: 33.848532%; vertical-align: top; text-align: center; height: 150px;\"><img loading=\"lazy\" decoding=\"async\" class=\"alignnone size-medium wp-image-866\" src=\"https:\/\/seniorenverein-schwarzenberg.ch\/wp-content\/uploads\/2024\/06\/ws-so-300x209.jpeg\" alt=\"\" width=\"300\" height=\"209\" srcset=\"https:\/\/seniorenverein-schwarzenberg.ch\/wp-content\/uploads\/2024\/06\/ws-so-300x209.jpeg 300w, https:\/\/seniorenverein-schwarzenberg.ch\/wp-content\/uploads\/2024\/06\/ws-so-1024x713.jpeg 1024w, https:\/\/seniorenverein-schwarzenberg.ch\/wp-content\/uploads\/2024\/06\/ws-so-768x535.jpeg 768w, https:\/\/seniorenverein-schwarzenberg.ch\/wp-content\/uploads\/2024\/06\/ws-so.jpeg 1092w\" sizes=\"auto, (max-width: 300px) 100vw, 300px\" \/><\/td>\n<\/tr>\n<tr style=\"height: 144px;\">\n<td style=\"width: 65.996909%; vertical-align: top; height: 144px;\"><span style=\"color: #000000;\"><b><strong>Jass- und Spielnachmittag<br \/>\n<\/strong><\/b><em>Donnerstag, 13. Juni 2024<\/em><br \/>\nTreffpunkt: 13.00 Uhr im Hotel Kreuz<br \/>\nEs kann auch&nbsp; gespielt werden (z. B. Br\u00e4ndi Dog, Uno, usw.)<\/span><\/td>\n<td style=\"width: 33.848532%; vertical-align: top; text-align: center; height: 144px;\"><img loading=\"lazy\" decoding=\"async\" class=\"alignnone size-full wp-image-544\" src=\"https:\/\/seniorenverein-schwarzenberg.ch\/wp-content\/uploads\/2023\/02\/jassen-spielen-senioren.jpg\" alt=\"\" width=\"300\" height=\"200\"><\/td>\n<\/tr>\n<tr style=\"height: 150px;\">\n<td style=\"width: 65.996909%; vertical-align: top; height: 150px;\"><span style=\"color: #000000;\"><b><strong>Spaziergang<br \/>\n<\/strong><\/b><em>Dienstag, 4. Juni 2024<\/em><br \/>\nTreffpunkt: 13.30 Uhr PP R\u00f6ssli<br \/>\nAuch Nichtmitglieder sind herzlich willkommen!<br \/>\n<\/span><\/td>\n<td style=\"width: 33.848532%; vertical-align: top; text-align: center; height: 150px;\"><img loading=\"lazy\" decoding=\"async\" class=\"alignnone size-medium wp-image-865\" src=\"https:\/\/seniorenverein-schwarzenberg.ch\/wp-content\/uploads\/2024\/06\/liebesweg-300x209.jpeg\" alt=\"\" width=\"300\" height=\"209\" srcset=\"https:\/\/seniorenverein-schwarzenberg.ch\/wp-content\/uploads\/2024\/06\/liebesweg-300x209.jpeg 300w, https:\/\/seniorenverein-schwarzenberg.ch\/wp-content\/uploads\/2024\/06\/liebesweg.jpeg 400w\" sizes=\"auto, (max-width: 300px) 100vw, 300px\" \/><\/td>\n<\/tr>\n<tr style=\"height: 424px;\">\n<td style=\"width: 65.996909%; vertical-align: top; height: 424px;\"><span style=\"color: #000000;\"><b><strong>Halbtageswanderung<br \/>\n<\/strong><\/b><em>Dienstag, 28. Mai 2024<\/em><b><strong><br \/>\n<\/strong><\/b>Treffpunkt: 12.00 Uhr PP R\u00f6ssli<br \/>\nWanderroute: Beinwil am See, Homberg &#8211; Aussichtsturm Hochwacht. Der R\u00fcckweg f\u00fchrt \u00fcber Birrwil, dem See entlang zur\u00fcck nach <span style=\"font-family: inherit; font-size: inherit; color: #333333;\">Beinwil am See.<\/span><br \/>\n<\/span><span style=\"color: #000000;\">Wanderzeit: ca. 3 Std. (verk\u00fcrzte Wanderzeit m\u00f6glich)<br \/>\nH\u00f6hendifferenz: 350 m<br \/>\nVerkehrsmittel: Privatautos bis Beinwil am See<br \/>\nWanderleitung: Doris Reck<br \/>\n<a href=\"https:\/\/seniorenverein-schwarzenberg.ch\/index.php\/fotoalbum\/\">Zu den Bildern<br \/>\n<\/a><\/span>Erz\u00e4hlgeschichten unterwegs:<br \/>\n<a href=\"http:\/\/www.aargausued.ch\/index.cfm?dolphin=c892c049-98a7-d64c-1915-5b6f2fd00d4f&amp;a=qrlayer\" target=\"_blank\" rel=\"noopener\">&#8211; H\u00e4xew\u00e4ldli<\/a><br \/>\n<a href=\"http:\/\/www.aargausued.ch\/index.cfm?dolphin=c8aac0cc-c11e-6737-5ddf-f43fba07c618&amp;a=qrlayer\" target=\"_blank\" rel=\"noopener\">&#8211; St\u00e4\u00e4liweid<\/a><br \/>\n<a href=\"http:\/\/www.aargausued.ch\/index.cfm?dolphin=c8aa5a06-9b39-c890-a70d-c00c13dced18&amp;a=qrlayer\" target=\"_blank\" rel=\"noopener\">&#8211; Waldl\u00e4ufer Fischer<\/a><br \/>\n<a href=\"http:\/\/www.aargausued.ch\/index.cfm?dolphin=c8912690-a7a2-7885-7291-e780aa93ff73&amp;a=qrlayer\" target=\"_blank\" rel=\"noopener\">&#8211; De Schw\u00fcmmer vo B\u00f6ju<\/a><\/td>\n<td style=\"width: 33.848532%; vertical-align: top; text-align: center; height: 424px;\"><img loading=\"lazy\" decoding=\"async\" class=\"alignnone wp-image-854\" src=\"https:\/\/seniorenverein-schwarzenberg.ch\/wp-content\/uploads\/2024\/05\/IMG_5030.jpeg\" alt=\"\" width=\"300\" height=\"401\"><a href=\"https:\/\/hochwacht.info\" target=\"_blank\" rel=\"noopener\">Geschichte Hochwachten<\/a><\/td>\n<\/tr>\n<tr style=\"height: 144px;\">\n<td style=\"width: 65.996909%; vertical-align: top; height: 144px;\"><span style=\"color: #000000;\"><b><strong>Jass- und Spielnachmittag<br \/>\n<\/strong><\/b><em>Donnerstag, 16. Mai 2024<\/em><br \/>\nTreffpunkt: 13.00 Uhr im Hotel Kreuz<br \/>\nEs kann auch&nbsp; gespielt werden (z. B. Br\u00e4ndi Dog, Uno, usw.)<\/span><\/td>\n<td style=\"width: 33.848532%; vertical-align: top; text-align: center; height: 144px;\"><img loading=\"lazy\" decoding=\"async\" class=\"alignnone size-full wp-image-544\" src=\"https:\/\/seniorenverein-schwarzenberg.ch\/wp-content\/uploads\/2023\/02\/jassen-spielen-senioren.jpg\" alt=\"\" width=\"300\" height=\"200\"><\/td>\n<\/tr>\n<tr style=\"height: 158px;\">\n<td style=\"width: 65.996909%; vertical-align: top; height: 158px;\"><span style=\"color: #000000;\"><b><strong>Spaziergang<br \/>\n<\/strong><\/b><em>Dienstag, 7. Mai 2024<\/em><br \/>\nTreffpunkt: 13.30 Uhr PP R\u00f6ssli<br \/>\nAuch Nichtmitglieder sind herzlich willkommen!<\/span><\/td>\n<td style=\"width: 33.848532%; vertical-align: top; text-align: center; height: 158px;\"><img loading=\"lazy\" decoding=\"async\" class=\"alignnone size-full wp-image-637\" src=\"https:\/\/seniorenverein-schwarzenberg.ch\/wp-content\/uploads\/2023\/06\/bank.jpeg\" alt=\"\" width=\"300\" height=\"221\"><\/td>\n<\/tr>\n<tr style=\"height: 265px;\">\n<td style=\"width: 65.996909%; vertical-align: top; height: 265px;\"><span style=\"color: #000000;\"><b>Halbtageswanderung<br \/>\n<\/b><\/span><em>Dienstag, 30. April 2024<\/em><br \/>\nTreffpunkt: 12.30 Uhr PP R\u00f6ssli<br \/>\nWanderroute: Holderk\u00e4ppeli \u2013 Neualp \u2013 Chr\u00e4ig\u00fctsch \u2013 W\u00fcrzenegg \u2013 Spitelegg \u2013 Hochw\u00e4ldli \u2013 Holderk\u00e4ppeli<br \/>\nWanderzeit: ca. 2\u00bd Std. (verk\u00fcrzte Wanderzeit m\u00f6glich)<br \/>\nH\u00f6hendifferenz: 230 m<br \/>\nVerkehrsmittel: Privatautos bis Holderk\u00e4ppeli<br \/>\nWanderleitung: Leo R\u00f6\u00f6sli<br \/>\n<span style=\"color: #000000;\"><a href=\"https:\/\/seniorenverein-schwarzenberg.ch\/index.php\/fotoalbum\/\">Zu den Bildern<\/a><\/span><strong><span style=\"color: #000000;\"><br \/>\n<\/span><\/strong><\/td>\n<td style=\"width: 33.848532%; vertical-align: top; text-align: center; height: 265px;\"><img loading=\"lazy\" decoding=\"async\" class=\"alignnone wp-image-822 size-full\" src=\"https:\/\/seniorenverein-schwarzenberg.ch\/wp-content\/uploads\/2024\/04\/IMG_6442-e1713279476646.jpg\" alt=\"\" width=\"300\" height=\"166\"><img loading=\"lazy\" decoding=\"async\" class=\"alignnone wp-image-820 size-full\" src=\"https:\/\/seniorenverein-schwarzenberg.ch\/wp-content\/uploads\/2024\/04\/IMG_3341-e1713279407432.jpeg\" alt=\"\" width=\"300\" height=\"166\"><\/td>\n<\/tr>\n<tr style=\"height: 144px;\">\n<td style=\"width: 65.996909%; vertical-align: top; height: 144px;\"><strong><span style=\"color: #000000;\">Jass- und Spielnachmittag<br \/>\n<\/span><\/strong><span style=\"color: #000000;\"><em>Donnerstag, 11. April 2024<\/em><\/span><span style=\"color: #000000;\"><br \/>\n<\/span><span style=\"color: #000000;\">Treffpunkt: 13.00 Uhr im Hotel Kreuz<\/span><span style=\"color: #000000;\"><br \/>\nEs kann auch&nbsp; gespielt werden (z. B. Br\u00e4ndi Dog, Uno, usw.)<\/span><\/td>\n<td style=\"width: 33.848532%; vertical-align: top; text-align: center; height: 144px;\"><img loading=\"lazy\" decoding=\"async\" class=\"alignnone size-full wp-image-544\" src=\"https:\/\/seniorenverein-schwarzenberg.ch\/wp-content\/uploads\/2023\/02\/jassen-spielen-senioren.jpg\" alt=\"\" width=\"300\" height=\"200\"><\/td>\n<\/tr>\n<tr style=\"height: 158px;\">\n<td style=\"width: 65.996909%; vertical-align: top; height: 158px;\"><strong><span style=\"color: #000000;\">Spaziergang<br \/>\n<\/span><\/strong><span style=\"color: #000000;\"><em>Dienstag, 2. April 2024<\/em><\/span><span style=\"color: #000000;\"><br \/>\nTreffpunkt: 13.30 Uhr PP R\u00f6ssli<br \/>\nAuch Nichtmitglieder sind herzlich willkommen!<br \/>\n<a href=\"https:\/\/seniorenverein-schwarzenberg.ch\/index.php\/fotoalbum\/\">Zu den Bildern<\/a><\/span><\/td>\n<td style=\"width: 33.848532%; vertical-align: top; text-align: center; height: 158px;\"><img loading=\"lazy\" decoding=\"async\" class=\"alignnone size-full wp-image-637\" src=\"https:\/\/seniorenverein-schwarzenberg.ch\/wp-content\/uploads\/2023\/06\/bank.jpeg\" alt=\"\" width=\"300\" height=\"221\"><\/td>\n<\/tr>\n<tr style=\"height: 345px;\">\n<td style=\"width: 65.996909%; vertical-align: top; height: 345px;\"><strong>Fr\u00fchlingswanderung<\/strong><br \/>\n<em>Dienstag, 26. M\u00e4rz 2024<\/em><br \/>\nBegleitet vom frohen Gezwitscher der V\u00f6gel erleben wir den Fr\u00fchling rund um den Sonnenberg.&nbsp;<br \/>\nTreffpunkt: 12.30 Uhr, PP R\u00f6ssli<br \/>\nWanderroute: Sonnenberg\u2013Eggehof\u2013Hinter G\u00fctsch\u2013Sonnenberg Wanderzeit: ca. 2,5 Std. (eine verk\u00fcrzte Wanderzeit ist m\u00f6glich)<br \/>\nH\u00f6hendifferenz: auf\/ab 270 m<br \/>\nAusr\u00fcstung: gutes Schuhwerk, Regenschutz Verkehrsmittel: Privatautos bis PP Sonnenberg Wanderleitung: Pius Fuchs<br \/>\n<span style=\"color: #000000;\"><a href=\"https:\/\/seniorenverein-schwarzenberg.ch\/index.php\/fotoalbum\/\">Zu den Bildern<\/a><\/span><strong><span style=\"color: #000000;\"><br \/>\n<\/span><\/strong><\/td>\n<td style=\"width: 33.848532%; vertical-align: top; text-align: center; height: 345px;\"><img loading=\"lazy\" decoding=\"async\" class=\"alignnone size-full wp-image-784\" src=\"https:\/\/seniorenverein-schwarzenberg.ch\/wp-content\/uploads\/2024\/03\/IMG_3675.jpeg\" alt=\"\" width=\"300\" height=\"169\"><br \/>\n<img loading=\"lazy\" decoding=\"async\" class=\"alignnone size-full wp-image-782\" src=\"https:\/\/seniorenverein-schwarzenberg.ch\/wp-content\/uploads\/2024\/03\/IMG_3673.jpeg\" alt=\"\" width=\"300\" height=\"169\"><\/td>\n<\/tr>\n<tr style=\"height: 144px;\">\n<td style=\"width: 65.996909%; vertical-align: top; height: 144px;\"><strong><span style=\"color: #000000;\">Jass- und Spielnachmittag<br \/>\n<\/span><\/strong><span style=\"color: #000000;\"><em>Donnerstag, 14. M\u00e4rz 2024<\/em><\/span><strong><span style=\"color: #000000;\"><br \/>\n<\/span><\/strong><span style=\"color: #000000;\">Treffpunkt: 13.00 Uhr im Hotel Kreuz<\/span><span style=\"color: #000000;\"><br \/>\nEs kann auch&nbsp; gespielt werden (z. B. Br\u00e4ndi Dog, Uno, usw.)<\/span><\/td>\n<td style=\"width: 33.848532%; vertical-align: top; text-align: center; height: 144px;\"><img loading=\"lazy\" decoding=\"async\" class=\"alignnone size-full wp-image-544\" src=\"https:\/\/seniorenverein-schwarzenberg.ch\/wp-content\/uploads\/2023\/02\/jassen-spielen-senioren.jpg\" alt=\"\" width=\"300\" height=\"200\"><\/td>\n<\/tr>\n<tr style=\"height: 161px;\">\n<td style=\"width: 65.996909%; vertical-align: top; height: 161px;\"><strong><span style=\"color: #000000;\">Wandern\/Schneeschuhlaufen<br \/>\n<\/span><\/strong><span style=\"color: #000000;\"><em>Dienstag, 27. Februar 2024<\/em><\/span><strong><span style=\"color: #000000;\"><br \/>\n<\/span><\/strong><span style=\"color: #000000;\">Treffpunkt: 13.00 Uhr PP R\u00f6ssli<\/span><\/td>\n<td style=\"width: 33.848532%; vertical-align: top; text-align: center; height: 161px;\"><img loading=\"lazy\" decoding=\"async\" class=\"alignnone wp-image-777 size-full\" src=\"https:\/\/seniorenverein-schwarzenberg.ch\/wp-content\/uploads\/2024\/02\/IMG_4461-klein.jpg\" alt=\"\" width=\"300\" height=\"225\"><\/td>\n<\/tr>\n<tr style=\"height: 144px;\">\n<td style=\"width: 65.996909%; vertical-align: top; height: 144px;\"><strong><span style=\"color: #000000;\">Jass- und Spielnachmittag<br \/>\n<\/span><\/strong><em><span style=\"color: #000000;\">Donnerstag, 15. Februar 2024<\/span><\/em><strong><span style=\"color: #000000;\"><br \/>\n<\/span><\/strong><span style=\"color: #000000;\">Treffpunkt: 13.00 Uhr im Hotel Kreuz<\/span><span style=\"color: #000000;\"><br \/>\nEs kann auch&nbsp; gespielt werden (z. B. Br\u00e4ndi Dog, Uno, usw.)<\/span><\/td>\n<td style=\"width: 33.848532%; vertical-align: top; text-align: center; height: 144px;\"><img loading=\"lazy\" decoding=\"async\" class=\"alignnone size-full wp-image-544\" src=\"https:\/\/seniorenverein-schwarzenberg.ch\/wp-content\/uploads\/2023\/02\/jassen-spielen-senioren.jpg\" alt=\"\" width=\"300\" height=\"200\"><\/td>\n<\/tr>\n<tr style=\"height: 79px;\">\n<td style=\"width: 65.996909%; vertical-align: top; height: 79px;\"><strong><span style=\"color: #000000;\">Wandern\/Schneeschuhlaufen<br \/>\n<\/span><\/strong><span style=\"color: #000000;\"><em>Dienstag, 30. Januar 2024<\/em><br \/>\nTreffpunkt: 13.00 Uhr PP R\u00f6ssli<br \/>\n<\/span><\/td>\n<td style=\"width: 33.848532%; vertical-align: top; text-align: center; height: 79px;\"><img loading=\"lazy\" decoding=\"async\" class=\"alignnone size-full wp-image-761\" src=\"https:\/\/seniorenverein-schwarzenberg.ch\/wp-content\/uploads\/2024\/01\/IMG_4016.jpeg\" alt=\"\" width=\"300\" height=\"200\"><\/td>\n<\/tr>\n<tr style=\"height: 103px;\">\n<td style=\"width: 65.996909%; vertical-align: top; height: 103px;\">\n<div class=\"page\" title=\"Page 8\">\n<div class=\"section\">\n<div class=\"layoutArea\">\n<div class=\"column\">\n<p><strong>GV und Mittagessen<\/strong><br \/>\n<em>Donnerstag, 25. Januar 2024<\/em><br \/>\nTreffpunkt: 11.00 Uhr im Hotel Kreuz<\/p>\n<\/div>\n<\/div>\n<\/div>\n<\/div>\n<\/td>\n<td style=\"width: 33.848532%; vertical-align: top; text-align: center; height: 103px;\"><img loading=\"lazy\" decoding=\"async\" class=\"alignnone size-medium wp-image-762\" src=\"https:\/\/seniorenverein-schwarzenberg.ch\/wp-content\/uploads\/2024\/01\/gv.jpg\" alt=\"\" width=\"300\" height=\"199\"><\/td>\n<\/tr>\n<tr style=\"height: 144px;\">\n<td style=\"width: 65.996909%; vertical-align: top; height: 144px;\"><strong><span style=\"color: #000000;\">Jass- und Spielnachmittag<br \/>\n<\/span><\/strong><span style=\"color: #000000;\"><em>Donnerstag, 14. Dezember 2023<\/em><\/span><strong><span style=\"color: #000000;\"><br \/>\n<\/span><\/strong><span style=\"color: #000000;\">Treffpunkt: 13.00 Uhr im Hotel Kreuz<\/span><span style=\"color: #000000;\"><br \/>\nEs kann auch&nbsp; gespielt werden (z. B. Br\u00e4ndi Dog, Uno, usw.)<\/span><\/td>\n<td style=\"width: 33.848532%; vertical-align: top; text-align: center; height: 144px;\"><img loading=\"lazy\" decoding=\"async\" class=\"alignnone size-full wp-image-544\" src=\"https:\/\/seniorenverein-schwarzenberg.ch\/wp-content\/uploads\/2023\/02\/jassen-spielen-senioren.jpg\" alt=\"\" width=\"300\" height=\"200\"><\/td>\n<\/tr>\n<tr style=\"height: 144px;\">\n<td style=\"width: 65.996909%; vertical-align: top; height: 144px;\"><strong><span style=\"color: #000000;\">Wandern\/Chlaush\u00f6ck in der Langerlen<br \/>\n<\/span><\/strong><span style=\"color: #000000;\"><em>Dienstag, 21. November 2023<\/em><\/span><span style=\"color: #000000;\"><br \/>\nTreffpunkt: 13.00 Uhr Parkplatz R\u00f6ssli<br \/>\nOrganisation: Mareili B\u00fchler<\/span><\/td>\n<td style=\"width: 33.848532%; vertical-align: top; text-align: center; height: 144px;\"><img loading=\"lazy\" decoding=\"async\" class=\"alignnone size-full wp-image-752\" src=\"https:\/\/seniorenverein-schwarzenberg.ch\/wp-content\/uploads\/2023\/11\/nikolaus.jpg\" alt=\"\" width=\"300\" height=\"200\"><\/td>\n<\/tr>\n<tr style=\"height: 144px;\">\n<td style=\"width: 65.996909%; vertical-align: top; height: 144px;\"><strong><span style=\"color: #000000;\">Jass- und Spielnachmittag<br \/>\n<\/span><\/strong><span style=\"color: #000000;\"><em>Donnerstag, 9. November 2023<\/em><\/span><strong><span style=\"color: #000000;\"><br \/>\n<\/span><\/strong><span style=\"color: #000000;\">Treffpunkt: 13.00 Uhr im Hotel Kreuz<\/span><span style=\"color: #000000;\"><br \/>\nEs kann auch&nbsp; gespielt werden (z. B. Br\u00e4ndi Dog, Uno, usw.)<\/span><strong><span style=\"color: #000000;\"><br \/>\n<\/span><\/strong><\/td>\n<td style=\"width: 33.848532%; vertical-align: top; text-align: center; height: 144px;\"><img loading=\"lazy\" decoding=\"async\" class=\"alignnone size-full wp-image-544\" src=\"https:\/\/seniorenverein-schwarzenberg.ch\/wp-content\/uploads\/2023\/02\/jassen-spielen-senioren.jpg\" alt=\"\" width=\"300\" height=\"200\"><\/td>\n<\/tr>\n<tr style=\"height: 324px;\">\n<td style=\"width: 65.996909%; vertical-align: top; height: 324px;\"><strong><span style=\"color: #000000;\">Halbtageswanderung ins Drachenried<br \/>\n<\/span><\/strong><span style=\"color: #000000;\"><em>Dienstag, 24. Oktober 2023<br \/>\n<\/em>Treffpunkt: 12.30 Uhr, PP R\u00f6ssli<br \/>\nVerkehrsmittel: Auto bis PP Gemeindeverwaltung Ennetmoos<br \/>\nWanderroute: Allweg \u2013 Hinterbach \u2013 Vorder\u00e4gerten \u2013 Rohren \u2013 Murmatt \u2013 Allweg<br \/>\nWanderzeit: ca. 2\u00be Stunden Auf-\/Abstieg = 120 m<br \/>\nVerpflegung: aus dem Rucksack Ausr\u00fcstung: gutes Schuhwerk\/ Regenschutz<br \/>\nWanderleiter: Pius Fuchs<br \/>\n<\/span><strong><span style=\"color: #000000;\"><br \/>\n<\/span><\/strong><\/td>\n<td style=\"width: 33.848532%; vertical-align: top; text-align: center; height: 324px;\"><img loading=\"lazy\" decoding=\"async\" class=\" wp-image-747 aligncenter\" src=\"https:\/\/seniorenverein-schwarzenberg.ch\/wp-content\/uploads\/2023\/10\/animal-1296453_640-169x300.png\" alt=\"\" width=\"138\" height=\"245\" srcset=\"https:\/\/seniorenverein-schwarzenberg.ch\/wp-content\/uploads\/2023\/10\/animal-1296453_640-169x300.png 169w, https:\/\/seniorenverein-schwarzenberg.ch\/wp-content\/uploads\/2023\/10\/animal-1296453_640.png 361w\" sizes=\"auto, (max-width: 138px) 100vw, 138px\" \/><br \/>\n<a href=\"https:\/\/www.ennetmoos.ch\/_docn\/3755344\/Broschuere_Kulturweg_Drachenried.pdf\" target=\"_blank\" rel=\"noopener\">Brosch\u00fcre Kulturweg Drachenried<\/a><\/td>\n<\/tr>\n<tr style=\"height: 132px;\">\n<td style=\"width: 65.996909%; vertical-align: top; height: 132px;\"><strong><span style=\"color: #000000;\">Jass- und Spielnachmittag<br \/>\n<\/span><\/strong><span style=\"color: #000000;\"><em>Donnerstag, 12. Oktober 2023<\/em><\/span><strong><span style=\"color: #000000;\"><br \/>\n<\/span><\/strong><span style=\"color: #000000;\">Treffpunkt: 13.00 Uhr im Hotel Kreuz<\/span><span style=\"color: #000000;\"><br \/>\nEs kann auch&nbsp; gespielt werden (z. B. Br\u00e4ndi Dog, Uno, usw.)<\/span><\/td>\n<td style=\"width: 33.848532%; vertical-align: top; height: 132px;\"><img loading=\"lazy\" decoding=\"async\" class=\"alignnone size-full wp-image-544\" src=\"https:\/\/seniorenverein-schwarzenberg.ch\/wp-content\/uploads\/2023\/02\/jassen-spielen-senioren.jpg\" alt=\"\" width=\"300\" height=\"200\"><\/td>\n<\/tr>\n<tr style=\"height: 26px;\">\n<td style=\"width: 65.996909%; vertical-align: top; height: 26px;\"><strong><span style=\"color: #000000;\">Spaziergang<br \/>\n<\/span><\/strong><span style=\"color: #000000;\"><em>Dienstag, 3. Oktober 2023<\/em><\/span><strong><span style=\"color: #000000;\"><br \/>\n<\/span><\/strong><span style=\"color: #000000;\">Treffpunkt: 13.30 Uhr PP R\u00f6ssli<\/span><span style=\"color: #000000;\"><br \/>\nAuch Nichtmitglieder sind herzlich willkommen!<\/span><\/td>\n<td style=\"width: 33.848532%; vertical-align: top; height: 26px;\"><img loading=\"lazy\" decoding=\"async\" class=\"alignnone size-full wp-image-637\" src=\"https:\/\/seniorenverein-schwarzenberg.ch\/wp-content\/uploads\/2023\/06\/bank.jpeg\" alt=\"\" width=\"300\" height=\"221\"><\/td>\n<\/tr>\n<tr style=\"height: 265px;\">\n<td style=\"width: 65.996909%; vertical-align: top; height: 265px;\"><strong>Pilzwanderung mit kurzer Pilzkunde<\/strong><br \/>\n<em>Dienstag, 19. September&nbsp;<\/em><br \/>\nTreffpunkt: 13.00 Uhr PP R\u00f6ssli, Fahrt mit Privatautos bis Sandweg&nbsp;<br \/>\nWanderroute: Rundtouren mit verschiedenen L\u00e4ngen im Bereich Bannwald<br \/>\nAusr\u00fcstung: gutes Schuhwerk, Regenschutz (wenn vorhanden Korb mitnehmen)<br \/>\nWanderleitung: Doris Reck<br \/>\n<span style=\"color: #000000;\"><a href=\"https:\/\/seniorenverein-schwarzenberg.ch\/index.php\/fotoalbum\/\">Zu den Bildern<\/a><\/span><\/td>\n<td style=\"width: 33.848532%; vertical-align: top; height: 265px;\"><img loading=\"lazy\" decoding=\"async\" class=\"alignnone size-medium wp-image-733\" src=\"https:\/\/seniorenverein-schwarzenberg.ch\/wp-content\/uploads\/2023\/09\/pilz-276x300.jpg\" alt=\"\" width=\"276\" height=\"300\" srcset=\"https:\/\/seniorenverein-schwarzenberg.ch\/wp-content\/uploads\/2023\/09\/pilz-276x300.jpg 276w, https:\/\/seniorenverein-schwarzenberg.ch\/wp-content\/uploads\/2023\/09\/pilz-768x835.jpg 768w, https:\/\/seniorenverein-schwarzenberg.ch\/wp-content\/uploads\/2023\/09\/pilz.jpg 900w\" sizes=\"auto, (max-width: 276px) 100vw, 276px\" \/><\/td>\n<\/tr>\n<tr style=\"height: 144px;\">\n<td style=\"width: 65.996909%; vertical-align: top; height: 144px;\"><span style=\"color: #000000;\"><strong>Mittagessen + Jass- und Spielnachmittag&nbsp;<br \/>\n<\/strong><em>Donnerstag, 7. September 2023<\/em><br \/>\nTreffpunkt: 11.30 Uhr im Hotel Kreuz<br \/>\nEs kann auch&nbsp; gespielt werden (z. B. Br\u00e4ndi Dog, Uno, usw.)<\/span><\/td>\n<td style=\"width: 33.848532%; vertical-align: top; height: 144px;\"><img loading=\"lazy\" decoding=\"async\" class=\"alignnone size-full wp-image-544\" src=\"https:\/\/seniorenverein-schwarzenberg.ch\/wp-content\/uploads\/2023\/02\/jassen-spielen-senioren.jpg\" alt=\"\" width=\"300\" height=\"200\"><\/td>\n<\/tr>\n<tr style=\"height: 158px;\">\n<td style=\"width: 65.996909%; vertical-align: top; height: 158px;\"><span style=\"color: #000000;\"><strong>Spaziergang<br \/>\n<\/strong><em>Dienstag, 5. September 2023<\/em><br \/>\nTreffpunkt: 13.30 Uhr PP R\u00f6ssli<br \/>\nAuch Nichtmitglieder sind herzlich willkommen!<\/span><\/td>\n<td style=\"width: 33.848532%; vertical-align: top; height: 158px;\"><img loading=\"lazy\" decoding=\"async\" class=\"alignnone size-full wp-image-637\" src=\"https:\/\/seniorenverein-schwarzenberg.ch\/wp-content\/uploads\/2023\/06\/bank.jpeg\" alt=\"\" width=\"300\" height=\"221\"><\/td>\n<\/tr>\n<tr style=\"height: 451px;\">\n<td style=\"width: 65.996909%; vertical-align: top; height: 451px;\"><span style=\"color: #000000;\"><strong>Tageswanderung<br \/>\n<\/strong><em>Dienstag, 22. August 2023<br \/>\n<\/em>Treffpunkt: 09.00 Uhr PP R\u00f6ssli<br \/>\nVerkehrsmittel: Privatauto bis Sattel SZ (Fahrgemeinschaften) Gondelbahn Sattel\u2013Mostelberg (Fr. 19.\u2013, retour)<br \/>\nWanderroute: Mostelberg rund um den Engelstock.<br \/>\nDie leichte Wanderung f\u00fchrt uns auf guten Strassen und Wegen um den Engelstock. Wir geniessen die Aussicht auf mehrere Seen und die Bergwelt der Zentralschweiz.<br \/>\nWanderzeit: ca. 2,5 Stunden, H\u00f6hendifferenz: 200 m<br \/>\nAusr\u00fcstung: Wanderschuhe, Wanderst\u00f6cke, Regenschutz. Wenn vorhanden Halbtax-Abo mitnehmen.<br \/>\nVerpflegung: aus dem Rucksack (Kaffeestops sind m\u00f6glich)<br \/>\nWanderleitung: Pius Fuchs<br \/>\n<a href=\"https:\/\/seniorenverein-schwarzenberg.ch\/index.php\/fotoalbum\/\">Zu den Bildern<\/a><\/span><\/td>\n<td style=\"width: 33.848532%; vertical-align: top; height: 451px;\"><img loading=\"lazy\" decoding=\"async\" class=\"alignnone size-medium wp-image-729\" src=\"https:\/\/seniorenverein-schwarzenberg.ch\/wp-content\/uploads\/2023\/09\/IMG_3605-m-300x200.png\" alt=\"\" width=\"300\" height=\"200\" srcset=\"https:\/\/seniorenverein-schwarzenberg.ch\/wp-content\/uploads\/2023\/09\/IMG_3605-m-300x200.png 300w, https:\/\/seniorenverein-schwarzenberg.ch\/wp-content\/uploads\/2023\/09\/IMG_3605-m-768x512.png 768w, https:\/\/seniorenverein-schwarzenberg.ch\/wp-content\/uploads\/2023\/09\/IMG_3605-m.png 900w\" sizes=\"auto, (max-width: 300px) 100vw, 300px\" \/><br \/>\n<img loading=\"lazy\" decoding=\"async\" class=\"alignnone size-medium wp-image-730\" src=\"https:\/\/seniorenverein-schwarzenberg.ch\/wp-content\/uploads\/2023\/09\/IMG_3589-m-300x200.png\" alt=\"\" width=\"300\" height=\"200\" srcset=\"https:\/\/seniorenverein-schwarzenberg.ch\/wp-content\/uploads\/2023\/09\/IMG_3589-m-300x200.png 300w, https:\/\/seniorenverein-schwarzenberg.ch\/wp-content\/uploads\/2023\/09\/IMG_3589-m-768x512.png 768w, https:\/\/seniorenverein-schwarzenberg.ch\/wp-content\/uploads\/2023\/09\/IMG_3589-m.png 900w\" sizes=\"auto, (max-width: 300px) 100vw, 300px\" \/><\/td>\n<\/tr>\n<tr style=\"height: 144px;\">\n<td style=\"width: 65.996909%; vertical-align: top; height: 144px;\"><span style=\"color: #000000;\"><strong>Jass- und Spielnachmittag<br \/>\n<\/strong><em>Donnerstag, 10. August 2023<\/em><br \/>\nTreffpunkt: 13.00 Uhr im Hotel Kreuz<br \/>\nEs kann auch&nbsp; gespielt werden (z. B. Br\u00e4ndi Dog, Uno, usw.)<\/span><\/td>\n<td style=\"width: 33.848532%; vertical-align: top; height: 144px;\"><img loading=\"lazy\" decoding=\"async\" class=\"alignnone size-full wp-image-544\" src=\"https:\/\/seniorenverein-schwarzenberg.ch\/wp-content\/uploads\/2023\/02\/jassen-spielen-senioren.jpg\" alt=\"\" width=\"300\" height=\"200\"><\/td>\n<\/tr>\n<tr style=\"height: 161px;\">\n<td style=\"width: 65.996909%; vertical-align: top; height: 161px;\"><span style=\"color: #000000;\"><strong>Spaziergang<br \/>\n<\/strong><em>Dienstag, 8. August 2023<\/em><strong><br \/>\n<\/strong>Treffpunkt: 13.30 Uhr PP R\u00f6ssli<br \/>\nAuch Nichtmitglieder sind herzlich willkommen!<br \/>\n<a href=\"https:\/\/seniorenverein-schwarzenberg.ch\/index.php\/fotoalbum\/\">Hier ein paar Bilder.<\/a><\/span><\/td>\n<td style=\"width: 33.848532%; vertical-align: top; height: 161px;\"><img loading=\"lazy\" decoding=\"async\" class=\"alignnone size-full wp-image-694\" src=\"https:\/\/seniorenverein-schwarzenberg.ch\/wp-content\/uploads\/2023\/08\/IMG_2063.jpeg\" alt=\"\" width=\"300\" height=\"225\"><\/td>\n<\/tr>\n<tr style=\"height: 318px;\">\n<td style=\"width: 65.996909%; vertical-align: top; height: 318px;\"><strong><span style=\"color: #ff0000;\">!!! Abgesagt wegen Schlechtwetter !!!<\/span><br \/>\nTageswanderung<br \/>\n<\/strong><em>Dienstag, 25. Juli 2023<br \/>\n<\/em>Treffpunkt: 09.00 Uhr PP R\u00f6ssli<br \/>\nWanderroute: Finsterwald\u2013Wissenegg\u2013Risetenloch\u2013B\u00e4rem\u00f6sli\u2013Feldlimoos\u2013Schwarzenberg<br \/>\nWanderzeit: 4 3\/4 Std., H\u00f6hendifferenz: 406 m,&nbsp;<br \/>\nAusr\u00fcstung: Wanderschuhe, Wanderst\u00f6cke, Regenschutz<br \/>\nVerpflegung: aus dem Rucksack<br \/>\nVerkehrsmittel: mit Bus nach Finsterwald (10.-\/Person), M\u00f6glichkeit R\u00fccktransport ab Feldlimoos<br \/>\nWanderleitung: Pius Fuchs<\/td>\n<td style=\"width: 33.848532%; vertical-align: top; height: 318px;\"><img loading=\"lazy\" decoding=\"async\" class=\"alignnone size-full wp-image-672\" src=\"https:\/\/seniorenverein-schwarzenberg.ch\/wp-content\/uploads\/2023\/07\/IMG_3127.jpeg\" alt=\"\" width=\"225\" height=\"300\"><\/td>\n<\/tr>\n<tr style=\"height: 144px;\">\n<td style=\"width: 65.996909%; vertical-align: top; height: 144px;\"><strong>Jassen und mehr<br \/>\n<\/strong><em>Donnerstag, 13. Juli 2023<\/em><br \/>\nTreffpunkt: 13.00 Uhr im Hotel Kreuz<br \/>\nEs kann auch&nbsp; gespielt werden (z. B. Br\u00e4ndi Dog, Uno, usw.)<strong><br \/>\n<\/strong><\/td>\n<td style=\"width: 33.848532%; vertical-align: top; height: 144px;\"><img loading=\"lazy\" decoding=\"async\" class=\"alignnone size-full wp-image-544\" src=\"https:\/\/seniorenverein-schwarzenberg.ch\/wp-content\/uploads\/2023\/02\/jassen-spielen-senioren.jpg\" alt=\"\" width=\"300\" height=\"200\"><\/td>\n<\/tr>\n<tr style=\"height: 158px;\">\n<td style=\"width: 65.996909%; vertical-align: top; height: 158px;\"><strong>Spaziergang<br \/>\n<\/strong><em>Dienstag, 4. Juli 2023<\/em><strong><br \/>\n<\/strong>Treffpunkt: 13.30 Uhr PP R\u00f6ssli<br \/>\nAuch Nichtmitglieder sind herzlich willkommen!<strong><br \/>\n<\/strong><\/td>\n<td style=\"width: 33.848532%; vertical-align: top; height: 158px;\"><img loading=\"lazy\" decoding=\"async\" class=\"alignnone size-full wp-image-637\" src=\"https:\/\/seniorenverein-schwarzenberg.ch\/wp-content\/uploads\/2023\/06\/bank.jpeg\" alt=\"\" width=\"300\" height=\"221\"><\/td>\n<\/tr>\n<tr style=\"height: 292px;\">\n<td style=\"width: 65.996909%; vertical-align: top; height: 292px;\"><strong>Tageswanderung<br \/>\n<\/strong><em>Dienstag, 27. Juni 2023<br \/>\n<\/em>Treffpunkt: 10.00 Uhr PP R\u00f6ssli<br \/>\nWanderroute: St\u00e4feli\u2013Trockenmattegg\u2013Lochberg\u2013S\u00fcdseite\u2013H\u00fchnerhubel\u2013Ober\u00e4rtig\u2013St\u00e4feli<br \/>\nWanderzeit: 3 Std., H\u00f6hendifferenz: 294 m,&nbsp;<br \/>\nAusr\u00fcstung: Wanderschuhe<br \/>\nVerpflegung: aus dem Rucksack<br \/>\nVerkehrsmittel: mit Privatauto bis St\u00e4feli<br \/>\nWanderleitung: Leo R\u00f6\u00f6sli<br \/>\n<a href=\"https:\/\/seniorenverein-schwarzenberg.ch\/index.php\/fotoalbum\/\">Fotos<\/a><\/td>\n<td style=\"width: 33.848532%; vertical-align: top; height: 292px;\"><img loading=\"lazy\" decoding=\"async\" class=\"alignnone size-full wp-image-654\" src=\"https:\/\/seniorenverein-schwarzenberg.ch\/wp-content\/uploads\/2023\/06\/IMG_3002.jpeg\" alt=\"\" width=\"300\" height=\"169\"><img loading=\"lazy\" decoding=\"async\" class=\"alignnone size-full wp-image-653\" src=\"https:\/\/seniorenverein-schwarzenberg.ch\/wp-content\/uploads\/2023\/06\/IMG_2295.jpg\" alt=\"\" width=\"300\" height=\"225\"><\/td>\n<\/tr>\n<tr style=\"height: 144px;\">\n<td style=\"width: 65.996909%; vertical-align: top; height: 144px;\"><strong>Jassen und mehr<br \/>\n<\/strong><em>Donnerstag, 15. Juni 2023<\/em><br \/>\nTreffpunkt: 13.00 Uhr im Hotel Kreuz<br \/>\nEs kann auch&nbsp; gespielt werden (z. B. Br\u00e4ndi Dog, Uno, usw.)<\/td>\n<td style=\"width: 33.848532%; vertical-align: top; height: 144px;\"><img loading=\"lazy\" decoding=\"async\" class=\"alignnone size-full wp-image-544\" src=\"https:\/\/seniorenverein-schwarzenberg.ch\/wp-content\/uploads\/2023\/02\/jassen-spielen-senioren.jpg\" alt=\"\" width=\"300\" height=\"200\"><\/td>\n<\/tr>\n<tr style=\"height: 161px;\">\n<td style=\"width: 65.996909%; vertical-align: top; height: 161px;\"><strong>Spaziergang<br \/>\n<\/strong><em>Dienstag, 6. Juni 2023<\/em><strong><br \/>\n<\/strong>Treffpunkt: 13.30 Uhr PP R\u00f6ssli<br \/>\nAuch Nichtmitglieder sind herzlich willkommen!<br \/>\n<a href=\"https:\/\/seniorenverein-schwarzenberg.ch\/index.php\/fotoalbum\/\">Fotos von unterwegs<\/a><\/td>\n<td style=\"width: 33.848532%; vertical-align: top; height: 161px;\"><img loading=\"lazy\" decoding=\"async\" class=\"alignnone size-medium wp-image-640\" src=\"https:\/\/seniorenverein-schwarzenberg.ch\/wp-content\/uploads\/2023\/06\/IMG_2975-300x225.jpeg\" alt=\"\" width=\"300\" height=\"225\"><\/td>\n<\/tr>\n<tr style=\"height: 158px;\">\n<td style=\"width: 65.996909%; vertical-align: top; height: 158px;\"><strong>Vereinsausflug<br \/>\n<\/strong><em>Dienstag, 23. Mai 2023<br \/>\n<\/em>Der diesj\u00e4hrige Vereinsausflug f\u00fchrte uns durchs Emmental.<br \/>\n<a href=\"https:\/\/seniorenverein-schwarzenberg.ch\/index.php\/fotoalbum\/\">Hier<\/a> ein paar Bilder.<\/td>\n<td style=\"width: 33.848532%; vertical-align: top; height: 158px;\"><img loading=\"lazy\" decoding=\"async\" class=\"alignnone size-full wp-image-632\" src=\"https:\/\/seniorenverein-schwarzenberg.ch\/wp-content\/uploads\/2023\/06\/IMG_2949.jpg\" alt=\"\" width=\"300\" height=\"221\"><\/td>\n<\/tr>\n<tr style=\"height: 238px;\">\n<td style=\"width: 65.996909%; vertical-align: top; height: 238px;\"><strong>Halbtageswanderung&nbsp; in Schwarzenberg<br \/>\n<\/strong> <em>Dienstag, 23. Mai 2023<\/em><br \/>\nTreffpunkt: 13.00 PP R\u00f6ssli<br \/>\nFahrt mit Privatautos zum Sandweg<br \/>\nWanderroute: Sandweg &#8211; Wolfsgruebenegg &#8211; Spitzenstoos &#8211; Schindlem\u00f6sli &#8211; B\u00e4ch &#8211; Sandweg<br \/>\nWanderzeit: 2 Std., H\u00f6hendifferenz: 230 m<br \/>\nWanderleitung: Leo R\u00f6\u00f6sli<br \/>\n<a href=\"https:\/\/seniorenverein-schwarzenberg.ch\/index.php\/fotoalbum\/\">Fotos<\/a><\/td>\n<td style=\"width: 33.848532%; vertical-align: top; height: 238px;\"><img loading=\"lazy\" decoding=\"async\" class=\"alignnone size-medium wp-image-611\" src=\"https:\/\/seniorenverein-schwarzenberg.ch\/wp-content\/uploads\/2023\/05\/IMG_2909-300x221.jpeg\" alt=\"\" width=\"300\" height=\"221\" srcset=\"https:\/\/seniorenverein-schwarzenberg.ch\/wp-content\/uploads\/2023\/05\/IMG_2909-300x221.jpeg 300w, https:\/\/seniorenverein-schwarzenberg.ch\/wp-content\/uploads\/2023\/05\/IMG_2909-768x564.jpeg 768w, https:\/\/seniorenverein-schwarzenberg.ch\/wp-content\/uploads\/2023\/05\/IMG_2909.jpeg 800w\" sizes=\"auto, (max-width: 300px) 100vw, 300px\" \/>&nbsp;<\/td>\n<\/tr>\n<tr style=\"height: 141px;\">\n<td style=\"width: 65.996909%; vertical-align: top; height: 141px;\">Die Wanderung zum Aussichtsturm Hochwacht wurde wegen des schlechten Wetters auf das n\u00e4chste Jahr verschoben. Als Ersatz wanderten wir den Emmenuferweg Blatten-Littau-Blatten.<br \/>\n<a href=\"https:\/\/seniorenverein-schwarzenberg.ch\/index.php\/fotoalbum\/\">Fotos<\/a><\/td>\n<td style=\"width: 33.848532%; vertical-align: top; height: 141px;\"><img loading=\"lazy\" decoding=\"async\" class=\"alignnone wp-image-587 size-medium\" src=\"https:\/\/seniorenverein-schwarzenberg.ch\/wp-content\/uploads\/2023\/04\/emmenuferweg-07-1-300x196.jpg\" alt=\"\" width=\"300\" height=\"196\" srcset=\"https:\/\/seniorenverein-schwarzenberg.ch\/wp-content\/uploads\/2023\/04\/emmenuferweg-07-1-300x196.jpg 300w, https:\/\/seniorenverein-schwarzenberg.ch\/wp-content\/uploads\/2023\/04\/emmenuferweg-07-1.jpg 433w\" sizes=\"auto, (max-width: 300px) 100vw, 300px\" \/><\/td>\n<\/tr>\n<tr style=\"height: 159px;\">\n<td style=\"width: 65.996909%; vertical-align: top; height: 159px;\"><strong>Jassen und mehr<br \/>\n<\/strong><em>Donnerstag, 11. Mai 2023<\/em><strong><br \/>\n<\/strong>Treffpunkt: 13.00 Uhr im Hotel Kreuz<br \/>\nEs kann auch&nbsp; gespielt werden (z. B. Br\u00e4ndi Dog, Uno, usw.)<br \/>\nEin Angebot f\u00fcr Nichtjasser.&nbsp;<strong><br \/>\n<\/strong><\/td>\n<td style=\"width: 33.848532%; vertical-align: top; height: 159px;\"><img loading=\"lazy\" decoding=\"async\" class=\"alignnone size-full wp-image-544\" src=\"https:\/\/seniorenverein-schwarzenberg.ch\/wp-content\/uploads\/2023\/02\/jassen-spielen-senioren.jpg\" alt=\"\" width=\"300\" height=\"200\"><\/td>\n<\/tr>\n<tr style=\"height: 158px;\">\n<td style=\"width: 65.996909%; vertical-align: top; height: 158px;\"><strong>Spaziergang<br \/>\n<\/strong><em>Dienstag, 2. Mai 2023<\/em><strong><br \/>\n<\/strong>Treffpunkt: 13.30 Uhr PP R\u00f6ssli<br \/>\nAuch Nichtmitglieder sind herzlich willkommen!<strong><br \/>\n<\/strong><\/td>\n<td style=\"width: 33.848532%; vertical-align: top; height: 158px;\"><img loading=\"lazy\" decoding=\"async\" class=\"alignnone size-full wp-image-637\" src=\"https:\/\/seniorenverein-schwarzenberg.ch\/wp-content\/uploads\/2023\/06\/bank.jpeg\" alt=\"\" width=\"300\" height=\"221\"><\/td>\n<\/tr>\n<tr style=\"height: 265px;\">\n<td style=\"width: 65.996909%; vertical-align: top; height: 265px;\"><strong>Wanderung&nbsp; Aussichtsturm Hochwacht, Beinwil am See<br \/>\n<\/strong> <em>Dienstag, 25. April 2023<\/em><br \/>\nTreffpunkt: 12.00 PP R\u00f6ssli<br \/>\nFahrt mit Privatautos nach Beinwil am See, PP Strandbad.<br \/>\nWanderroute:&nbsp; Aussichtsturm Hochwacht &#8211; Birrwil &#8211;<br \/>\ndem See entlang zur\u00fcck nach Beinwil&nbsp;<br \/>\nWanderzeit: ca. 3 Std. , H\u00f6hendifferenz 350 Meter<br \/>\n(Es ist auch eine k\u00fcrzere Wanderung m\u00f6glich)<br \/>\nWanderleitung: Doris Reck<strong><br \/>\n<\/strong><\/td>\n<td style=\"width: 33.848532%; vertical-align: top; height: 265px;\"><img loading=\"lazy\" decoding=\"async\" class=\"alignnone size-full wp-image-572\" src=\"https:\/\/seniorenverein-schwarzenberg.ch\/wp-content\/uploads\/2023\/04\/hochwacht.jpg\" alt=\"\" width=\"300\" height=\"169\"><br \/>\n<img loading=\"lazy\" decoding=\"async\" class=\"alignnone size-full wp-image-574\" src=\"https:\/\/seniorenverein-schwarzenberg.ch\/wp-content\/uploads\/2023\/04\/hochwacht-3-1.jpg\" alt=\"\" width=\"300\" height=\"169\"><\/td>\n<\/tr>\n<tr style=\"height: 144px;\">\n<td style=\"width: 65.996909%; vertical-align: top; height: 144px;\"><strong>Spaziergang<br \/>\n<\/strong><em>Dienstag, 4. April 2023<\/em><br \/>\nTreffpunkt: 13.30 Uhr PP R\u00f6ssli<br \/>\nAuch Nichtmitglieder sind herzlich willkommen!<\/td>\n<td style=\"width: 33.848532%; vertical-align: top; height: 144px;\"><img loading=\"lazy\" decoding=\"async\" class=\"alignnone size-medium wp-image-592\" src=\"https:\/\/seniorenverein-schwarzenberg.ch\/wp-content\/uploads\/2023\/05\/05-23-1-300x200.jpg\" alt=\"\" width=\"300\" height=\"200\" srcset=\"https:\/\/seniorenverein-schwarzenberg.ch\/wp-content\/uploads\/2023\/05\/05-23-1-300x200.jpg 300w, https:\/\/seniorenverein-schwarzenberg.ch\/wp-content\/uploads\/2023\/05\/05-23-1-1024x683.jpg 1024w, https:\/\/seniorenverein-schwarzenberg.ch\/wp-content\/uploads\/2023\/05\/05-23-1-768x513.jpg 768w, https:\/\/seniorenverein-schwarzenberg.ch\/wp-content\/uploads\/2023\/05\/05-23-1.jpg 1299w\" sizes=\"auto, (max-width: 300px) 100vw, 300px\" \/><\/td>\n<\/tr>\n<tr style=\"height: 159px;\">\n<td style=\"width: 65.996909%; vertical-align: top; height: 159px;\"><strong>Jassen und mehr<br \/>\n<\/strong><em>Donnerstag, 13. M\u00e4rz 2023<\/em><strong><br \/>\n<\/strong>Treffpunkt: 13.00 Uhr im Hotel Kreuz<br \/>\nEs kann auch&nbsp; gespielt werden (z. B. Br\u00e4ndi Dog, Uno, usw.)<br \/>\nEin Angebot f\u00fcr Nichtjasser.&nbsp;<\/td>\n<td style=\"width: 33.848532%; vertical-align: top; height: 159px;\"><img loading=\"lazy\" decoding=\"async\" class=\"alignnone size-full wp-image-544\" src=\"https:\/\/seniorenverein-schwarzenberg.ch\/wp-content\/uploads\/2023\/02\/jassen-spielen-senioren.jpg\" alt=\"\" width=\"300\" height=\"200\"><\/td>\n<\/tr>\n<tr style=\"height: 238px;\">\n<td style=\"width: 65.996909%; vertical-align: top; height: 238px;\"><strong>Fr\u00fchlingswanderung um die Horwer Halbinsel<br \/>\n<\/strong><em>Dienstag, 28. M\u00e4rz 2023<\/em><br \/>\nTreffpunkt: 12.30 Uhr PP R\u00f6ssli<br \/>\nVerkehrsmittel: Privatauto bis Horw, Sportanlage Seefeld<br \/>\nWanderroute: Seefeld &#8211; dem See entlang durch die Weinberge &#8211; um den Dickiwald &#8211; Liegenschaft Boden &#8211; Seefeld.<br \/>\nWanderzeit: Ca. 2 1\/4 Std. \/ Wanderleitung: Pius Fuchs<br \/>\n<a href=\"https:\/\/seniorenverein-schwarzenberg.ch\/index.php\/fotoalbum\/\">Fotos<\/a><\/td>\n<td style=\"width: 33.848532%; vertical-align: top; height: 238px;\"><img loading=\"lazy\" decoding=\"async\" class=\"alignnone size-full wp-image-557\" src=\"https:\/\/seniorenverein-schwarzenberg.ch\/wp-content\/uploads\/2023\/03\/IMG_2639.jpeg\" alt=\"\" width=\"300\" height=\"200\"><\/td>\n<\/tr>\n<tr style=\"height: 135px;\">\n<td style=\"width: 65.996909%; vertical-align: top; height: 135px;\"><strong>Jassen und mehr<br \/>\n<\/strong><em>Donnerstag, 9. M\u00e4rz 2023<\/em><br \/>\nTreffpunkt: 13.00 Uhr im Hotel Kreuz<br \/>\nNeu kann auch&nbsp; gespielt werden (z. B. Br\u00e4ndi Dog, Uno, usw.)<br \/>\nEin Angebot f\u00fcr Nichtjasser.&nbsp;<\/td>\n<td style=\"width: 33.848532%; vertical-align: top; height: 135px;\"><img loading=\"lazy\" decoding=\"async\" class=\"alignnone size-full wp-image-544\" src=\"https:\/\/seniorenverein-schwarzenberg.ch\/wp-content\/uploads\/2023\/02\/jassen-spielen-senioren.jpg\" alt=\"\" width=\"300\" height=\"200\"><\/td>\n<\/tr>\n<tr style=\"height: 135px;\">\n<td style=\"width: 65.996909%; vertical-align: top; height: 135px;\"><strong>Wandern\/Schneeschuhlaufen<br \/>\n<\/strong><em>Dienstag, 28. Februar 2023<\/em><br \/>\nTreffpunkt: 13.00 Uhr PP R\u00f6ssli<br \/>\nVor Ort wird die Tour entschieden.<br \/>\nLeitung: Leo R\u00f6\u00f6sli, Pius Fuchs<\/td>\n<td style=\"width: 33.848532%; vertical-align: top; height: 135px;\"><img loading=\"lazy\" decoding=\"async\" class=\"alignnone size-full wp-image-540\" src=\"https:\/\/seniorenverein-schwarzenberg.ch\/wp-content\/uploads\/2023\/02\/W2-23.jpg\" alt=\"\" width=\"300\" height=\"200\"><\/td>\n<\/tr>\n<tr style=\"height: 128px;\">\n<td style=\"width: 65.996909%; vertical-align: top; height: 128px;\"><strong>Bewegen im Winter<\/strong><br \/>\n<em>Dienstag, 24. Januar 2023<\/em><br \/>\nWinterspaziergang und Schneeschuhlaufen<br \/>\nTreffpunkt: 13.00 Uhr PP R\u00f6ssli<br \/>\nLeitung: Leo R\u00f6\u00f6sli, Pius Fuchs<br \/>\n<a href=\"https:\/\/seniorenverein-schwarzenberg.ch\/index.php\/fotoalbum\/\">Fotos<\/a><\/td>\n<td style=\"width: 33.848532%; vertical-align: top; height: 128px;\"><img loading=\"lazy\" decoding=\"async\" class=\"alignnone size-full wp-image-520\" src=\"https:\/\/seniorenverein-schwarzenberg.ch\/wp-content\/uploads\/2023\/01\/wiwa-1.jpeg\" alt=\"\" width=\"300\" height=\"200\"><\/td>\n<\/tr>\n<\/tbody>\n<\/table>\n<p>&nbsp;<\/p>\n","protected":false},"excerpt":{"rendered":"<p>Bergwanderung auf den F\u00fcrstei Dienstag, 25. August 2026 Treffpunkt: 08.00 Uhr, PP R\u00f6ssli Verkehrsmittel: Privatautos bis Glaubenberg Wanderroute: Glaubenberg \u2013 Rickhubel \u2013 F\u00fcrstei \u2013 Abstieg zur &nbsp;Sewenalp \u2013 zur\u00fcck zum Glaubenberg. Wanderzeit: ca. 4.5 Std., H\u00f6hendifferenz ca. 600 m K\u00fcrzere Route, nur auf den Rickhubel m\u00f6glich (Aufstieg H\u00f6hendifferenz ca. 400 m, Wanderzeit ca. 3,5 Std.) &hellip; <\/p>\n<p class=\"link-more\"><a href=\"https:\/\/seniorenverein-schwarzenberg.ch\/index.php\/aktuell\/\" class=\"more-link\"><span class=\"screen-reader-text\">\u201eAktuell\u201c <\/span>weiterlesen<\/a><\/p>\n","protected":false},"author":1,"featured_media":0,"parent":0,"menu_order":0,"comment_status":"closed","ping_status":"closed","template":"","meta":{"ngg_post_thumbnail":0,"footnotes":""},"class_list":["post-189","page","type-page","status-publish","hentry"],"_links":{"self":[{"href":"https:\/\/seniorenverein-schwarzenberg.ch\/index.php\/wp-json\/wp\/v2\/pages\/189","targetHints":{"allow":["GET"]}}],"collection":[{"href":"https:\/\/seniorenverein-schwarzenberg.ch\/index.php\/wp-json\/wp\/v2\/pages"}],"about":[{"href":"https:\/\/seniorenverein-schwarzenberg.ch\/index.php\/wp-json\/wp\/v2\/types\/page"}],"author":[{"embeddable":true,"href":"https:\/\/seniorenverein-schwarzenberg.ch\/index.php\/wp-json\/wp\/v2\/users\/1"}],"replies":[{"embeddable":true,"href":"https:\/\/seniorenverein-schwarzenberg.ch\/index.php\/wp-json\/wp\/v2\/comments?post=189"}],"version-history":[{"count":237,"href":"https:\/\/seniorenverein-schwarzenberg.ch\/index.php\/wp-json\/wp\/v2\/pages\/189\/revisions"}],"predecessor-version":[{"id":1514,"href":"https:\/\/seniorenverein-schwarzenberg.ch\/index.php\/wp-json\/wp\/v2\/pages\/189\/revisions\/1514"}],"wp:attachment":[{"href":"https:\/\/seniorenverein-schwarzenberg.ch\/index.php\/wp-json\/wp\/v2\/media?parent=189"}],"curies":[{"name":"wp","href":"https:\/\/api.w.org\/{rel}","templated":true}]}}